{"id":9687,"date":"2023-06-06T11:56:24","date_gmt":"2023-06-06T09:56:24","guid":{"rendered":"https:\/\/cobe.fr\/?post_type=portfolio-item&#038;p=9687"},"modified":"2026-03-12T16:47:31","modified_gmt":"2026-03-12T15:47:31","slug":"fort-daubervilliers-93","status":"publish","type":"portfolio-item","link":"https:\/\/cobe.fr\/pt\/portfolio-item\/fort-daubervilliers-93\/","title":{"rendered":"Fort d'Aubervilliers (93)"},"content":{"rendered":"<h2 class=\"wp-block-heading has-text-align-center has-medium-font-size\">Convers\u00e3o urbana do s\u00edtio do Forte d'Aubervilliers<\/h2>\n\n\n\n<div style=\"height:20px\" aria-hidden=\"true\" class=\"wp-block-spacer\"><\/div>\n\n\n\n<div class=\"wp-block-responsive-block-editor-addons-advance-columns alignwide block-2ffb9727-19ce-44f9-b4fc-50361c875c6e responsive-block-editor-addons-advanced-column-outer-wrap wide\"><div class=\"responsive-block-editor-addons-advanced-column alignwide\"><div class=\"responsive-columns-wrap responsive-block-editor-addons-block-columns responsive-columns__gap-default responsive-columns__stack-mobile responsive-columns__content-width-theme overlay-type-color linear\"><div class=\"responsive-columns-inner-wrap responsive-columns-columns-3\">\n<div class=\"wp-block-responsive-block-editor-addons-column responsive-block-editor-addons-advanced-column-child block-5b6cf781-7cc3-4a90-97f8-413c38cf633d\"><div class=\"responsive-column-wrap responsive-block-editor-addons-block-column\"><div class=\"responsive-column-inner-wrap overlay-type-color linear\"><\/div><\/div><\/div>\n\n\n\n<div class=\"wp-block-responsive-block-editor-addons-column responsive-block-editor-addons-advanced-column-child block-781d7c69-1cab-4616-9f17-d488be6d48dc\"><div class=\"responsive-column-wrap responsive-block-editor-addons-block-column\"><div class=\"responsive-column-inner-wrap overlay-type-color linear\">\n<p><strong>O Forte de Aubervilliers \u00e9 um lugar conhecido de todos os habitantes da Ile-de-France. Hoje, \u00e9 uma \u00e1rea \u00e0 espera de ser ocupada, onde j\u00e1 existem muitas ambival\u00eancias. A ambi\u00e7\u00e3o de construir um bairro metropolitano \u00e9 agora uma realidade, particularmente com a chegada de uma nova esta\u00e7\u00e3o de comboios e do centro aqu\u00e1tico ol\u00edmpico.<\/strong><\/p>\n<\/div><\/div><\/div>\n\n\n\n<div class=\"wp-block-responsive-block-editor-addons-column responsive-block-editor-addons-advanced-column-child block-12cee7f0-3f06-4a74-8825-54d8a4b06a83\"><div class=\"responsive-column-wrap responsive-block-editor-addons-block-column\"><div class=\"responsive-column-inner-wrap overlay-type-color linear\"><\/div><\/div><\/div>\n<\/div><\/div><\/div><\/div>\n\n\n\n<figure class=\"wp-block-image aligncenter size-large\"><img loading=\"lazy\" decoding=\"async\" width=\"1024\" height=\"618\" src=\"https:\/\/cobe.fr\/wp-content\/uploads\/2022\/08\/Aubervilliers-JPG-Copie-1024x618.jpg\" alt=\"CoBe - Aubervilliers - Fort d&#039;Aubervilliers\" class=\"wp-image-9688\" srcset=\"https:\/\/cobe.fr\/wp-content\/uploads\/2022\/08\/Aubervilliers-JPG-Copie-1024x618.jpg 1024w, https:\/\/cobe.fr\/wp-content\/uploads\/2022\/08\/Aubervilliers-JPG-Copie-300x181.jpg 300w, https:\/\/cobe.fr\/wp-content\/uploads\/2022\/08\/Aubervilliers-JPG-Copie-768x464.jpg 768w, https:\/\/cobe.fr\/wp-content\/uploads\/2022\/08\/Aubervilliers-JPG-Copie-18x12.jpg 18w, https:\/\/cobe.fr\/wp-content\/uploads\/2022\/08\/Aubervilliers-JPG-Copie-500x302.jpg 500w, https:\/\/cobe.fr\/wp-content\/uploads\/2022\/08\/Aubervilliers-JPG-Copie-800x483.jpg 800w, https:\/\/cobe.fr\/wp-content\/uploads\/2022\/08\/Aubervilliers-JPG-Copie.jpg 1100w\" sizes=\"auto, (max-width: 1024px) 100vw, 1024px\" \/><\/figure>\n\n\n\n<div style=\"height:20px\" aria-hidden=\"true\" class=\"wp-block-spacer\"><\/div>\n\n\n\n<div class=\"wp-block-responsive-block-editor-addons-advance-columns alignwide block-7dee09d0-b8bf-45c1-9884-d58f48ef19e5 responsive-block-editor-addons-advanced-column-outer-wrap wide\"><div class=\"responsive-block-editor-addons-advanced-column alignwide\"><div class=\"responsive-columns-wrap responsive-block-editor-addons-block-columns responsive-columns__gap-default responsive-columns__stack-mobile responsive-columns__content-width-theme overlay-type-color linear\"><div class=\"responsive-columns-inner-wrap responsive-columns-columns-3\">\n<div class=\"wp-block-responsive-block-editor-addons-column responsive-block-editor-addons-advanced-column-child block-150f8922-d47a-4aec-bda3-695e2d0f8caf\"><div class=\"responsive-column-wrap responsive-block-editor-addons-block-column\"><div class=\"responsive-column-inner-wrap overlay-type-color linear\"><\/div><\/div><\/div>\n\n\n\n<div class=\"wp-block-responsive-block-editor-addons-column responsive-block-editor-addons-advanced-column-child block-22631f3c-8b34-4f8a-b9a3-e5c1de251220\"><div class=\"responsive-column-wrap responsive-block-editor-addons-block-column\"><div class=\"responsive-column-inner-wrap overlay-type-color linear\">\n<p>A capacidade de compreender o que foi planeado, de dialogar com os ocupantes do local, bem como com todos os parceiros, \u00e9 necess\u00e1ria para elaborar um plano de desenvolvimento. \u00c9 dada especial aten\u00e7\u00e3o ao que j\u00e1 existe: vida, utiliza\u00e7\u00f5es, materiais, com um compromisso de economia de meios e reutiliza\u00e7\u00e3o dentro do local.<\/p>\n<\/div><\/div><\/div>\n\n\n\n<div class=\"wp-block-responsive-block-editor-addons-column responsive-block-editor-addons-advanced-column-child block-45484602-7978-49d1-8346-346e27851309\"><div class=\"responsive-column-wrap responsive-block-editor-addons-block-column\"><div class=\"responsive-column-inner-wrap overlay-type-color linear\"><\/div><\/div><\/div>\n<\/div><\/div><\/div><\/div>\n\n\n\n<figure class=\"wp-block-image aligncenter size-large\"><img loading=\"lazy\" decoding=\"async\" width=\"1024\" height=\"390\" src=\"https:\/\/cobe.fr\/wp-content\/uploads\/2023\/06\/003-prairiefortaub-COBE-1024x390.jpg\" alt=\"CoBe - Forte d&#039;Aubervilliers\" class=\"wp-image-11407\" srcset=\"https:\/\/cobe.fr\/wp-content\/uploads\/2023\/06\/003-prairiefortaub-COBE-1024x390.jpg 1024w, https:\/\/cobe.fr\/wp-content\/uploads\/2023\/06\/003-prairiefortaub-COBE-300x114.jpg 300w, https:\/\/cobe.fr\/wp-content\/uploads\/2023\/06\/003-prairiefortaub-COBE-768x293.jpg 768w, https:\/\/cobe.fr\/wp-content\/uploads\/2023\/06\/003-prairiefortaub-COBE-18x7.jpg 18w, https:\/\/cobe.fr\/wp-content\/uploads\/2023\/06\/003-prairiefortaub-COBE-500x190.jpg 500w, https:\/\/cobe.fr\/wp-content\/uploads\/2023\/06\/003-prairiefortaub-COBE-800x305.jpg 800w, https:\/\/cobe.fr\/wp-content\/uploads\/2023\/06\/003-prairiefortaub-COBE.jpg 1100w\" sizes=\"auto, (max-width: 1024px) 100vw, 1024px\" \/><\/figure>\n\n\n\n<div class=\"wp-block-responsive-block-editor-addons-advance-columns block-1f29c0e4-2c6b-4858-aac4-02cef1e04ca5 responsive-block-editor-addons-advanced-column-outer-wrap undefined\"><div class=\"responsive-block-editor-addons-advanced-column alignundefined\"><div class=\"responsive-columns-wrap responsive-block-editor-addons-block-columns responsive-columns__gap-wider responsive-columns__stack-mobile responsive-columns__content-width-custom overlay-type-color linear\"><div class=\"responsive-columns-inner-wrap responsive-columns-columns-2\">\n<div class=\"wp-block-responsive-block-editor-addons-column responsive-block-editor-addons-advanced-column-child block-a9253df8-9585-4b2d-a7cd-f7e8d8150c90\"><div class=\"responsive-column-wrap responsive-block-editor-addons-block-column\"><div class=\"responsive-column-inner-wrap overlay-type-color linear\">\n<figure class=\"wp-block-image size-full\"><img loading=\"lazy\" decoding=\"async\" width=\"1100\" height=\"733\" src=\"https:\/\/cobe.fr\/wp-content\/uploads\/2023\/06\/Vision-generale.jpg\" alt=\"CoBe - Forte d&#039;Aubervilliers \" class=\"wp-image-11406\" srcset=\"https:\/\/cobe.fr\/wp-content\/uploads\/2023\/06\/Vision-generale.jpg 1100w, https:\/\/cobe.fr\/wp-content\/uploads\/2023\/06\/Vision-generale-300x200.jpg 300w, https:\/\/cobe.fr\/wp-content\/uploads\/2023\/06\/Vision-generale-1024x682.jpg 1024w, https:\/\/cobe.fr\/wp-content\/uploads\/2023\/06\/Vision-generale-768x512.jpg 768w, https:\/\/cobe.fr\/wp-content\/uploads\/2023\/06\/Vision-generale-18x12.jpg 18w, https:\/\/cobe.fr\/wp-content\/uploads\/2023\/06\/Vision-generale-500x333.jpg 500w, https:\/\/cobe.fr\/wp-content\/uploads\/2023\/06\/Vision-generale-800x533.jpg 800w\" sizes=\"auto, (max-width: 1100px) 100vw, 1100px\" \/><\/figure>\n<\/div><\/div><\/div>\n\n\n\n<div class=\"wp-block-responsive-block-editor-addons-column responsive-block-editor-addons-advanced-column-child block-3edd5835-edec-4736-b0a8-f82aadfd3d38\"><div class=\"responsive-column-wrap responsive-block-editor-addons-block-column\"><div class=\"responsive-column-inner-wrap overlay-type-color linear\">\n<figure class=\"wp-block-image size-full\"><img loading=\"lazy\" decoding=\"async\" width=\"1100\" height=\"733\" src=\"https:\/\/cobe.fr\/wp-content\/uploads\/2023\/06\/AXO-PAYSAGE.jpg\" alt=\"CoBe - Forte d&#039;Aubervilliers\" class=\"wp-image-11405\" srcset=\"https:\/\/cobe.fr\/wp-content\/uploads\/2023\/06\/AXO-PAYSAGE.jpg 1100w, https:\/\/cobe.fr\/wp-content\/uploads\/2023\/06\/AXO-PAYSAGE-300x200.jpg 300w, https:\/\/cobe.fr\/wp-content\/uploads\/2023\/06\/AXO-PAYSAGE-1024x682.jpg 1024w, https:\/\/cobe.fr\/wp-content\/uploads\/2023\/06\/AXO-PAYSAGE-768x512.jpg 768w, https:\/\/cobe.fr\/wp-content\/uploads\/2023\/06\/AXO-PAYSAGE-18x12.jpg 18w, https:\/\/cobe.fr\/wp-content\/uploads\/2023\/06\/AXO-PAYSAGE-500x333.jpg 500w, https:\/\/cobe.fr\/wp-content\/uploads\/2023\/06\/AXO-PAYSAGE-800x533.jpg 800w\" sizes=\"auto, (max-width: 1100px) 100vw, 1100px\" \/><\/figure>\n<\/div><\/div><\/div>\n<\/div><\/div><\/div><\/div>\n\n\n\n<div class=\"wp-block-responsive-block-editor-addons-advance-columns alignwide block-641e5959-c43e-4226-8e4e-183a9e250cf7 responsive-block-editor-addons-advanced-column-outer-wrap wide\"><div class=\"responsive-block-editor-addons-advanced-column alignwide\"><div class=\"responsive-columns-wrap responsive-block-editor-addons-block-columns responsive-columns__gap-default responsive-columns__stack-mobile responsive-columns__content-width-theme overlay-type-color linear\"><div class=\"responsive-columns-inner-wrap responsive-columns-columns-3\">\n<div class=\"wp-block-responsive-block-editor-addons-column responsive-block-editor-addons-advanced-column-child block-9fbccc8e-0cbf-4c83-88b7-b3ce80a3a26c\"><div class=\"responsive-column-wrap responsive-block-editor-addons-block-column\"><div class=\"responsive-column-inner-wrap overlay-type-color linear\"><\/div><\/div><\/div>\n\n\n\n<div class=\"wp-block-responsive-block-editor-addons-column responsive-block-editor-addons-advanced-column-child block-b3201cde-bd97-4210-a47b-38610d13fae1\"><div class=\"responsive-column-wrap responsive-block-editor-addons-block-column\"><div class=\"responsive-column-inner-wrap overlay-type-color linear\">\n<p>Considerado um verdadeiro pulm\u00e3o verde no centro do futuro bairro de Fort d'Aubervilliers, o Parc des Portes encontra o seu lugar num terreno militar desocupado e valoriza o patrim\u00f3nio existente, transformando-o cen\u00e1rio natural.<\/p>\n<\/div><\/div><\/div>\n\n\n\n<div class=\"wp-block-responsive-block-editor-addons-column responsive-block-editor-addons-advanced-column-child block-93e431df-6e42-4f4e-8fcd-4ad0e422d38e\"><div class=\"responsive-column-wrap responsive-block-editor-addons-block-column\"><div class=\"responsive-column-inner-wrap overlay-type-color linear\"><\/div><\/div><\/div>\n<\/div><\/div><\/div><\/div>\n\n\n\n<div class=\"wp-block-responsive-block-editor-addons-advance-columns block-6173362a-880d-4218-a915-837b7b05cfd3 responsive-block-editor-addons-advanced-column-outer-wrap undefined\"><div class=\"responsive-block-editor-addons-advanced-column alignundefined\"><div class=\"responsive-columns-wrap responsive-block-editor-addons-block-columns responsive-columns__gap-wider responsive-columns__stack-mobile responsive-columns__content-width-custom overlay-type-color linear\"><div class=\"responsive-columns-inner-wrap responsive-columns-columns-2\">\n<div class=\"wp-block-responsive-block-editor-addons-column responsive-block-editor-addons-advanced-column-child block-9fa255f2-0c51-4bdd-997e-fb3f7a75df30\"><div class=\"responsive-column-wrap responsive-block-editor-addons-block-column\"><div class=\"responsive-column-inner-wrap overlay-type-color linear\">\n<figure class=\"wp-block-image size-full\"><img loading=\"lazy\" decoding=\"async\" width=\"600\" height=\"400\" src=\"https:\/\/cobe.fr\/wp-content\/uploads\/2023\/06\/AUFO_PG_COLLAGES-CASEMATES-PLACE_230731.jpg\" alt=\"CoBe - Forte d&#039;Aubervilliers\" class=\"wp-image-11403\" srcset=\"https:\/\/cobe.fr\/wp-content\/uploads\/2023\/06\/AUFO_PG_COLLAGES-CASEMATES-PLACE_230731.jpg 600w, https:\/\/cobe.fr\/wp-content\/uploads\/2023\/06\/AUFO_PG_COLLAGES-CASEMATES-PLACE_230731-300x200.jpg 300w, https:\/\/cobe.fr\/wp-content\/uploads\/2023\/06\/AUFO_PG_COLLAGES-CASEMATES-PLACE_230731-18x12.jpg 18w, https:\/\/cobe.fr\/wp-content\/uploads\/2023\/06\/AUFO_PG_COLLAGES-CASEMATES-PLACE_230731-500x333.jpg 500w\" sizes=\"auto, (max-width: 600px) 100vw, 600px\" \/><\/figure>\n<\/div><\/div><\/div>\n\n\n\n<div class=\"wp-block-responsive-block-editor-addons-column responsive-block-editor-addons-advanced-column-child block-00ed04ff-3691-4615-b4d3-f19421a64d98\"><div class=\"responsive-column-wrap responsive-block-editor-addons-block-column\"><div class=\"responsive-column-inner-wrap overlay-type-color linear\">\n<figure class=\"wp-block-image size-full\"><img loading=\"lazy\" decoding=\"async\" width=\"600\" height=\"400\" src=\"https:\/\/cobe.fr\/wp-content\/uploads\/2023\/06\/AUFO_PG_COLLAGES-AXE-NS-PLACE_230731.jpg\" alt=\"CoBe - Forte d&#039;Aubervilliers\" class=\"wp-image-11402\" srcset=\"https:\/\/cobe.fr\/wp-content\/uploads\/2023\/06\/AUFO_PG_COLLAGES-AXE-NS-PLACE_230731.jpg 600w, https:\/\/cobe.fr\/wp-content\/uploads\/2023\/06\/AUFO_PG_COLLAGES-AXE-NS-PLACE_230731-300x200.jpg 300w, https:\/\/cobe.fr\/wp-content\/uploads\/2023\/06\/AUFO_PG_COLLAGES-AXE-NS-PLACE_230731-18x12.jpg 18w, https:\/\/cobe.fr\/wp-content\/uploads\/2023\/06\/AUFO_PG_COLLAGES-AXE-NS-PLACE_230731-500x333.jpg 500w\" sizes=\"auto, (max-width: 600px) 100vw, 600px\" \/><\/figure>\n<\/div><\/div><\/div>\n<\/div><\/div><\/div><\/div>\n\n\n\n<div class=\"wp-block-responsive-block-editor-addons-advance-columns block-ed01df14-cf18-41c6-b4c4-201b9042a925 responsive-block-editor-addons-advanced-column-outer-wrap undefined\"><div class=\"responsive-block-editor-addons-advanced-column alignundefined\"><div class=\"responsive-columns-wrap responsive-block-editor-addons-block-columns responsive-columns__gap-wider responsive-columns__stack-mobile responsive-columns__content-width-custom overlay-type-color linear\"><div class=\"responsive-columns-inner-wrap responsive-columns-columns-2\">\n<div class=\"wp-block-responsive-block-editor-addons-column responsive-block-editor-addons-advanced-column-child block-f1433279-05ce-4795-9e04-f5f2f827f938\"><div class=\"responsive-column-wrap responsive-block-editor-addons-block-column\"><div class=\"responsive-column-inner-wrap overlay-type-color linear\">\n<figure class=\"wp-block-image size-full\"><img loading=\"lazy\" decoding=\"async\" width=\"1100\" height=\"733\" src=\"https:\/\/cobe.fr\/wp-content\/uploads\/2023\/06\/AUFO_PG_COLLAGES-AXE-EO_230731.jpg\" alt=\"CoBe - Forte d&#039;Aubervilliers\" class=\"wp-image-11400\" srcset=\"https:\/\/cobe.fr\/wp-content\/uploads\/2023\/06\/AUFO_PG_COLLAGES-AXE-EO_230731.jpg 1100w, https:\/\/cobe.fr\/wp-content\/uploads\/2023\/06\/AUFO_PG_COLLAGES-AXE-EO_230731-300x200.jpg 300w, https:\/\/cobe.fr\/wp-content\/uploads\/2023\/06\/AUFO_PG_COLLAGES-AXE-EO_230731-1024x682.jpg 1024w, https:\/\/cobe.fr\/wp-content\/uploads\/2023\/06\/AUFO_PG_COLLAGES-AXE-EO_230731-768x512.jpg 768w, https:\/\/cobe.fr\/wp-content\/uploads\/2023\/06\/AUFO_PG_COLLAGES-AXE-EO_230731-18x12.jpg 18w, https:\/\/cobe.fr\/wp-content\/uploads\/2023\/06\/AUFO_PG_COLLAGES-AXE-EO_230731-500x333.jpg 500w, https:\/\/cobe.fr\/wp-content\/uploads\/2023\/06\/AUFO_PG_COLLAGES-AXE-EO_230731-800x533.jpg 800w\" sizes=\"auto, (max-width: 1100px) 100vw, 1100px\" \/><\/figure>\n<\/div><\/div><\/div>\n\n\n\n<div class=\"wp-block-responsive-block-editor-addons-column responsive-block-editor-addons-advanced-column-child block-55df0a75-150c-4edd-b989-41c13f35bbf7\"><div class=\"responsive-column-wrap responsive-block-editor-addons-block-column\"><div class=\"responsive-column-inner-wrap overlay-type-color linear\">\n<figure class=\"wp-block-image size-full\"><img loading=\"lazy\" decoding=\"async\" width=\"600\" height=\"400\" src=\"https:\/\/cobe.fr\/wp-content\/uploads\/2023\/06\/AUFO_PG_COLLAGES-AXE-NS-GARE_230731.jpg\" alt=\"CoBe - Forte d&#039;Aubervilliers\" class=\"wp-image-11401\" srcset=\"https:\/\/cobe.fr\/wp-content\/uploads\/2023\/06\/AUFO_PG_COLLAGES-AXE-NS-GARE_230731.jpg 600w, https:\/\/cobe.fr\/wp-content\/uploads\/2023\/06\/AUFO_PG_COLLAGES-AXE-NS-GARE_230731-300x200.jpg 300w, https:\/\/cobe.fr\/wp-content\/uploads\/2023\/06\/AUFO_PG_COLLAGES-AXE-NS-GARE_230731-18x12.jpg 18w, https:\/\/cobe.fr\/wp-content\/uploads\/2023\/06\/AUFO_PG_COLLAGES-AXE-NS-GARE_230731-500x333.jpg 500w\" sizes=\"auto, (max-width: 600px) 100vw, 600px\" \/><\/figure>\n<\/div><\/div><\/div>\n<\/div><\/div><\/div><\/div>\n\n\n\n<div class=\"wp-block-responsive-block-editor-addons-advance-columns alignwide block-48d10c9a-515b-4118-bbb7-b32ab44ddb57 responsive-block-editor-addons-advanced-column-outer-wrap wide\"><div class=\"responsive-block-editor-addons-advanced-column alignwide\"><div class=\"responsive-columns-wrap responsive-block-editor-addons-block-columns responsive-columns__gap-default responsive-columns__stack-mobile responsive-columns__content-width-theme overlay-type-color linear\"><div class=\"responsive-columns-inner-wrap responsive-columns-columns-3\">\n<div class=\"wp-block-responsive-block-editor-addons-column responsive-block-editor-addons-advanced-column-child block-e2fd1c60-0cd8-4e2a-8f1f-8601fdd00687\"><div class=\"responsive-column-wrap responsive-block-editor-addons-block-column\"><div class=\"responsive-column-inner-wrap overlay-type-color linear\"><\/div><\/div><\/div>\n\n\n\n<div class=\"wp-block-responsive-block-editor-addons-column responsive-block-editor-addons-advanced-column-child block-03a824b8-c677-49f9-8d8f-d01de21ad0b2\"><div class=\"responsive-column-wrap responsive-block-editor-addons-block-column\"><div class=\"responsive-column-inner-wrap overlay-type-color linear\">\n<p>Concebido como a espinha dorsal do projeto urbano, o parque funciona como uma liga\u00e7\u00e3o entre os numerosos espa\u00e7os naturais existentes no local e as futuras zonas de habita\u00e7\u00e3o de zona, favorecendo sobretudo os modos de transporte suaves.<\/p>\n<\/div><\/div><\/div>\n\n\n\n<div class=\"wp-block-responsive-block-editor-addons-column responsive-block-editor-addons-advanced-column-child block-e793e260-f829-417a-896e-fedac96bdbcc\"><div class=\"responsive-column-wrap responsive-block-editor-addons-block-column\"><div class=\"responsive-column-inner-wrap overlay-type-color linear\"><\/div><\/div><\/div>\n<\/div><\/div><\/div><\/div>\n\n\n\n<div class=\"wp-block-responsive-block-editor-addons-advance-columns block-39eb39ba-8af1-420d-8a1c-5beb08e7762e responsive-block-editor-addons-advanced-column-outer-wrap undefined\"><div class=\"responsive-block-editor-addons-advanced-column alignundefined\"><div class=\"responsive-columns-wrap responsive-block-editor-addons-block-columns responsive-columns__gap-default responsive-columns__stack-mobile responsive-columns__content-width-custom overlay-type-color linear\"><div class=\"responsive-columns-inner-wrap responsive-columns-columns-2\">\n<div class=\"wp-block-responsive-block-editor-addons-column responsive-block-editor-addons-advanced-column-child block-b1f04410-ef64-4e8d-ba6f-4ee1d5576da0\"><div class=\"responsive-column-wrap responsive-block-editor-addons-block-column\"><div class=\"responsive-column-inner-wrap overlay-type-color linear\">\n<figure class=\"wp-block-image alignleft size-full is-resized\"><img alt=\"CoBe - Projeto urbano Fort d&#039;Aubervilliers\" loading=\"lazy\" decoding=\"async\" width=\"800\" height=\"1131\" src=\"https:\/\/cobe.fr\/wp-content\/uploads\/2024\/05\/AUFO-CDF_IMP-PLN-MASSE-A0_1000_PM-vF_240119-1.jpg\" class=\"wp-image-11890\" style=\"width:306px;height:auto\" srcset=\"https:\/\/cobe.fr\/wp-content\/uploads\/2024\/05\/AUFO-CDF_IMP-PLN-MASSE-A0_1000_PM-vF_240119-1.jpg 800w, https:\/\/cobe.fr\/wp-content\/uploads\/2024\/05\/AUFO-CDF_IMP-PLN-MASSE-A0_1000_PM-vF_240119-1-212x300.jpg 212w, https:\/\/cobe.fr\/wp-content\/uploads\/2024\/05\/AUFO-CDF_IMP-PLN-MASSE-A0_1000_PM-vF_240119-1-724x1024.jpg 724w, https:\/\/cobe.fr\/wp-content\/uploads\/2024\/05\/AUFO-CDF_IMP-PLN-MASSE-A0_1000_PM-vF_240119-1-768x1086.jpg 768w, https:\/\/cobe.fr\/wp-content\/uploads\/2024\/05\/AUFO-CDF_IMP-PLN-MASSE-A0_1000_PM-vF_240119-1-8x12.jpg 8w, https:\/\/cobe.fr\/wp-content\/uploads\/2024\/05\/AUFO-CDF_IMP-PLN-MASSE-A0_1000_PM-vF_240119-1-500x707.jpg 500w\" sizes=\"auto, (max-width: 800px) 100vw, 800px\" \/><\/figure>\n<\/div><\/div><\/div>\n\n\n\n<div class=\"wp-block-responsive-block-editor-addons-column responsive-block-editor-addons-advanced-column-child block-aca0dc26-315f-4410-8de7-d19112599884\"><div class=\"responsive-column-wrap responsive-block-editor-addons-block-column\"><div class=\"responsive-column-inner-wrap overlay-type-color linear\">\n<figure class=\"wp-block-image alignright size-full is-resized\"><img loading=\"lazy\" decoding=\"async\" width=\"1100\" height=\"532\" src=\"https:\/\/cobe.fr\/wp-content\/uploads\/2023\/06\/004-casfortaub-COBE.jpg\" alt=\"CoBe - Forte d&#039;Aubervilliers\" class=\"wp-image-11397\" style=\"width:895px;height:auto\" srcset=\"https:\/\/cobe.fr\/wp-content\/uploads\/2023\/06\/004-casfortaub-COBE.jpg 1100w, https:\/\/cobe.fr\/wp-content\/uploads\/2023\/06\/004-casfortaub-COBE-300x145.jpg 300w, https:\/\/cobe.fr\/wp-content\/uploads\/2023\/06\/004-casfortaub-COBE-1024x495.jpg 1024w, https:\/\/cobe.fr\/wp-content\/uploads\/2023\/06\/004-casfortaub-COBE-768x371.jpg 768w, https:\/\/cobe.fr\/wp-content\/uploads\/2023\/06\/004-casfortaub-COBE-18x9.jpg 18w, https:\/\/cobe.fr\/wp-content\/uploads\/2023\/06\/004-casfortaub-COBE-500x242.jpg 500w, https:\/\/cobe.fr\/wp-content\/uploads\/2023\/06\/004-casfortaub-COBE-800x387.jpg 800w\" sizes=\"auto, (max-width: 1100px) 100vw, 1100px\" \/><\/figure>\n<\/div><\/div><\/div>\n<\/div><\/div><\/div><\/div>\n\n\n\n<h3 class=\"wp-block-heading has-text-align-center\">Ficha de refer\u00eancia<\/h3>\n\n\n\n<p class=\"has-text-align-center\"><strong>Cliente<\/strong><br>Grande Paris Am\u00e9nagement<\/p>\n\n\n\n<p class=\"has-text-align-center\"><strong>Gest\u00e3o de projectos<\/strong><br>CoBe<\/p>\n\n\n\n<p class=\"has-text-align-center\"><strong>Miss\u00f5es CoBe<\/strong><br><strong>Urbanismo<\/strong> Gest\u00e3o do projeto urbano para o conjunto do s\u00edtio,<br>coordena\u00e7\u00e3o dos pacotes de trabalho<br><strong>Paisagismo<\/strong> gest\u00e3o de projetos para espa\u00e7os p\u00fablicos<br>para os sectores C\u0153ur de Fort e Jardin des Tours<\/p>\n\n\n\n<p class=\"has-text-align-center\"><strong>Programa<\/strong><br>Convers\u00e3o urbana do s\u00edtio do Fort d'Aubervilliers :<br>constru\u00e7\u00e3o de escrit\u00f3rios, habita\u00e7\u00f5es, instala\u00e7\u00f5es desportivas e escolares,<br>lojas, actividades, espa\u00e7os p\u00fablicos<\/p>\n\n\n\n<p class=\"has-text-align-center\"><strong>Superf\u00edcie<\/strong><br>36 hectares<\/p>\n\n\n\n<p class=\"has-text-align-center\"><strong>Custo dos espa\u00e7os p\u00fablicos<\/strong><br>15 MILH\u00d5ES DE EUROS HT<\/p>\n\n\n\n<p class=\"has-text-align-center\"><strong>In\u00edcio da miss\u00e3o<\/strong><br>Maio de 2022<\/p>\n\n\n\n<p class=\"has-text-align-center\"><\/p>","protected":false},"excerpt":{"rendered":"<p>Reconversion urbaine du site du Fort d\u2019Aubervilliers Fiche technique Ma\u00eetrise d\u2019ouvrageGrand Paris Am\u00e9nagement Ma\u00eetrise d&rsquo;\u0153uvreCoBe Missions CoBeUrbanisme : ma\u00eetrise d\u2019\u0153uvre urbaine pour l\u2019ensemble du site,coordination des lots en r\u00e9alisationPaysage : ma\u00eetrise d\u2019\u0153uvre des espaces publicspour le secteur C\u0153ur de Fort et le Jardin des Tours ProgrammeReconversion urbaine du site du Fort d\u2019Aubervilliers :construction de bureaux, [&hellip;]<\/p>\n","protected":false},"author":2,"featured_media":9688,"menu_order":0,"template":"","format":"standard","meta":{"_seopress_robots_primary_cat":"","_seopress_titles_title":"Fort d'Aubervilliers (93)","_seopress_titles_desc":"Reconversion urbaine du site du Fort d\u2019Aubervilliers. Un lieu connu de tous les franciliens, il constitue aujourd\u2019hui un espace en attente o\u00f9 de nombreux usages sont pourtant d\u00e9j\u00e0 en place.","_seopress_robots_index":"","_vp_format_video_url":"","_vp_image_focal_point":[],"footnotes":""},"categories":[40,75,25,38,26,22,67,28,39,36,72],"class_list":["post-9687","portfolio-item","type-portfolio-item","status-publish","format-standard","has-post-thumbnail","hentry","category-coordination","category-coordination-architecturale","category-espace-public","category-nouveaux-quartiers","category-parc-et-jardin","category-paysage","category-projets-agence-cobe","category-projets","category-renouvellement-urbain","category-urbanisme","category-urbanisme-paysage"],"blocksy_meta":{"styles_descriptor":{"styles":{"desktop":"","tablet":"","mobile":""},"google_fonts":[],"version":6}},"_links":{"self":[{"href":"https:\/\/cobe.fr\/pt\/wp-json\/wp\/v2\/portfolio-item\/9687","targetHints":{"allow":["GET"]}}],"collection":[{"href":"https:\/\/cobe.fr\/pt\/wp-json\/wp\/v2\/portfolio-item"}],"about":[{"href":"https:\/\/cobe.fr\/pt\/wp-json\/wp\/v2\/types\/portfolio-item"}],"author":[{"embeddable":true,"href":"https:\/\/cobe.fr\/pt\/wp-json\/wp\/v2\/users\/2"}],"version-history":[{"count":1,"href":"https:\/\/cobe.fr\/pt\/wp-json\/wp\/v2\/portfolio-item\/9687\/revisions"}],"predecessor-version":[{"id":12734,"href":"https:\/\/cobe.fr\/pt\/wp-json\/wp\/v2\/portfolio-item\/9687\/revisions\/12734"}],"wp:featuredmedia":[{"embeddable":true,"href":"https:\/\/cobe.fr\/pt\/wp-json\/wp\/v2\/media\/9688"}],"wp:attachment":[{"href":"https:\/\/cobe.fr\/pt\/wp-json\/wp\/v2\/media?parent=9687"}],"wp:term":[{"taxonomy":"category","embeddable":true,"href":"https:\/\/cobe.fr\/pt\/wp-json\/wp\/v2\/categories?post=9687"}],"curies":[{"name":"wp","href":"https:\/\/api.w.org\/{rel}","templated":true}]}}