{"id":2333,"date":"2018-03-10T11:06:27","date_gmt":"2018-03-10T10:06:27","guid":{"rendered":"http:\/\/www.cobe.fr\/?post_type=portfolio-item&#038;p=2333"},"modified":"2026-04-16T13:35:32","modified_gmt":"2026-04-16T11:35:32","slug":"71-casa-aubervilliers-93","status":"publish","type":"portfolio-item","link":"https:\/\/cobe.fr\/pt\/portfolio-item\/71-logements-aubervilliers-93\/","title":{"rendered":"74 habita\u00e7\u00f5es - Aubervilliers (93)"},"content":{"rendered":"<h2 class=\"wp-block-heading has-text-align-center has-small-font-size\"><strong>74 unidades habitacionais e espa\u00e7os exteriores<\/strong><\/h2>\n\n\n\n<div style=\"height:20px\" aria-hidden=\"true\" class=\"wp-block-spacer\"><\/div>\n\n\n\n<div class=\"wp-block-responsive-block-editor-addons-advance-columns alignwide block-6b705cfd-e616-4c10-86d1-cb55ef05d710 responsive-block-editor-addons-advanced-column-outer-wrap wide\"><div class=\"responsive-block-editor-addons-advanced-column alignwide\"><div class=\"responsive-columns-wrap responsive-block-editor-addons-block-columns responsive-columns__gap-default responsive-columns__stack-mobile responsive-columns__content-width-theme overlay-type-color linear\"><div class=\"responsive-columns-inner-wrap responsive-columns-columns-3\">\n<div class=\"wp-block-responsive-block-editor-addons-column responsive-block-editor-addons-advanced-column-child block-3cbbc49a-a34a-4c84-ac65-df5669548ca2\"><div class=\"responsive-column-wrap responsive-block-editor-addons-block-column\"><div class=\"responsive-column-inner-wrap overlay-type-color linear\"><\/div><\/div><\/div>\n\n\n\n<div class=\"wp-block-responsive-block-editor-addons-column responsive-block-editor-addons-advanced-column-child block-483c945f-091c-46d0-952b-b3075ad6b131\"><div class=\"responsive-column-wrap responsive-block-editor-addons-block-column\"><div class=\"responsive-column-inner-wrap overlay-type-color linear\">\n<p style=\"font-size:clamp(14px, 0.875rem + ((1vw - 3.2px) * 0.078), 15px);\"><strong>O projecto consiste em 74 novas casas para venda ao p\u00fablico em geral. \u00c9 composto por dois edif\u00edcios que se estendem ao longo do terreno. A leste, os dois edif\u00edcios encontram-se no limite do terreno para formar jardins interiores.<\/strong><\/p>\n<\/div><\/div><\/div>\n\n\n\n<div class=\"wp-block-responsive-block-editor-addons-column responsive-block-editor-addons-advanced-column-child block-4bf66b63-30ff-4be1-82a6-ab726e811618\"><div class=\"responsive-column-wrap responsive-block-editor-addons-block-column\"><div class=\"responsive-column-inner-wrap overlay-type-color linear\"><\/div><\/div><\/div>\n<\/div><\/div><\/div><\/div>\n\n\n\n<figure class=\"wp-block-image aligncenter size-large\"><img alt=\"CoBe - Aubervilliers Clos des Noyers\" loading=\"lazy\" decoding=\"async\" width=\"1024\" height=\"682\" src=\"https:\/\/cobe.fr\/wp-content\/uploads\/2018\/03\/CoBe-ClosNoyers-PY_Brunaud-2555-1100-1024x682.jpg\" class=\"wp-image-9557\" srcset=\"https:\/\/cobe.fr\/wp-content\/uploads\/2018\/03\/CoBe-ClosNoyers-PY_Brunaud-2555-1100-1024x682.jpg 1024w, https:\/\/cobe.fr\/wp-content\/uploads\/2018\/03\/CoBe-ClosNoyers-PY_Brunaud-2555-1100-300x200.jpg 300w, https:\/\/cobe.fr\/wp-content\/uploads\/2018\/03\/CoBe-ClosNoyers-PY_Brunaud-2555-1100-768x512.jpg 768w, https:\/\/cobe.fr\/wp-content\/uploads\/2018\/03\/CoBe-ClosNoyers-PY_Brunaud-2555-1100-18x12.jpg 18w, https:\/\/cobe.fr\/wp-content\/uploads\/2018\/03\/CoBe-ClosNoyers-PY_Brunaud-2555-1100-500x333.jpg 500w, https:\/\/cobe.fr\/wp-content\/uploads\/2018\/03\/CoBe-ClosNoyers-PY_Brunaud-2555-1100-800x533.jpg 800w, https:\/\/cobe.fr\/wp-content\/uploads\/2018\/03\/CoBe-ClosNoyers-PY_Brunaud-2555-1100.jpg 1100w\" sizes=\"auto, (max-width: 1024px) 100vw, 1024px\" \/><\/figure>\n\n\n\n<div style=\"height:40px\" aria-hidden=\"true\" class=\"wp-block-spacer\"><\/div>\n\n\n\n<div class=\"wp-block-responsive-block-editor-addons-advance-columns alignwide block-fa88aec7-c49a-4aa2-b220-679368583a12 responsive-block-editor-addons-advanced-column-outer-wrap wide\"><div class=\"responsive-block-editor-addons-advanced-column alignwide\"><div class=\"responsive-columns-wrap responsive-block-editor-addons-block-columns responsive-columns__gap-default responsive-columns__stack-mobile responsive-columns__content-width-theme overlay-type-color linear\"><div class=\"responsive-columns-inner-wrap responsive-columns-columns-3\">\n<div class=\"wp-block-responsive-block-editor-addons-column responsive-block-editor-addons-advanced-column-child block-e5fdf654-f92f-452b-9bb9-31a194166a91\"><div class=\"responsive-column-wrap responsive-block-editor-addons-block-column\"><div class=\"responsive-column-inner-wrap overlay-type-color linear\"><\/div><\/div><\/div>\n\n\n\n<div class=\"wp-block-responsive-block-editor-addons-column responsive-block-editor-addons-advanced-column-child block-df6a983b-e267-4364-ab44-f42978fb7c51\"><div class=\"responsive-column-wrap responsive-block-editor-addons-block-column\"><div class=\"responsive-column-inner-wrap overlay-type-color linear\">\n<p style=\"font-size:clamp(14px, 0.875rem + ((1vw - 3.2px) * 0.078), 15px);\">O edif\u00edcio est\u00e1 localizado ao longo da Rue des Noyers, a fim de estar em conformidade com os edif\u00edcios existentes. Como a parcela \u00e9 longa, uma passagem debaixo de um alpendre envidra\u00e7ado leva a uma estrada privada. O beco ecoa a hist\u00f3ria do local, com as suas pedras rectangulares e vegeta\u00e7\u00e3o abundante, e oferece aos residentes uma transi\u00e7\u00e3o entre o espa\u00e7o urbano da rue des Noyers e a entrada para as suas casas. Este espa\u00e7o de transi\u00e7\u00e3o tamb\u00e9m facilitar\u00e1 o encontro de pessoas num ambiente agrad\u00e1vel.<\/p>\n<\/div><\/div><\/div>\n\n\n\n<div class=\"wp-block-responsive-block-editor-addons-column responsive-block-editor-addons-advanced-column-child block-dbcd1894-118b-4d74-99f0-3a7ede5ae8f9\"><div class=\"responsive-column-wrap responsive-block-editor-addons-block-column\"><div class=\"responsive-column-inner-wrap overlay-type-color linear\"><\/div><\/div><\/div>\n<\/div><\/div><\/div><\/div>\n\n\n\n<div style=\"height:40px\" aria-hidden=\"true\" class=\"wp-block-spacer\"><\/div>\n\n\n\n<div class=\"wp-block-responsive-block-editor-addons-advance-columns block-9275540d-f5dc-45eb-822f-976e3f6af125 responsive-block-editor-addons-advanced-column-outer-wrap undefined\"><div class=\"responsive-block-editor-addons-advanced-column alignundefined\"><div class=\"responsive-columns-wrap responsive-block-editor-addons-block-columns responsive-columns__gap-wider responsive-columns__stack-mobile responsive-columns__content-width-custom overlay-type-color linear\"><div class=\"responsive-columns-inner-wrap responsive-columns-columns-2\">\n<div class=\"wp-block-responsive-block-editor-addons-column responsive-block-editor-addons-advanced-column-child block-c8a86c38-68ce-4366-9afa-909f2f09d8a8\"><div class=\"responsive-column-wrap responsive-block-editor-addons-block-column\"><div class=\"responsive-column-inner-wrap overlay-type-color linear\">\n<figure class=\"wp-block-image aligncenter size-full\"><img loading=\"lazy\" decoding=\"async\" width=\"600\" height=\"400\" src=\"https:\/\/cobe.fr\/wp-content\/uploads\/2018\/03\/CoBe-ClosNoyers-PY_Brunaud-2599.jpg\" alt=\"CoBe - Aubervilliers Clos des Noyers\" class=\"wp-image-9559\" srcset=\"https:\/\/cobe.fr\/wp-content\/uploads\/2018\/03\/CoBe-ClosNoyers-PY_Brunaud-2599.jpg 600w, https:\/\/cobe.fr\/wp-content\/uploads\/2018\/03\/CoBe-ClosNoyers-PY_Brunaud-2599-300x200.jpg 300w, https:\/\/cobe.fr\/wp-content\/uploads\/2018\/03\/CoBe-ClosNoyers-PY_Brunaud-2599-18x12.jpg 18w, https:\/\/cobe.fr\/wp-content\/uploads\/2018\/03\/CoBe-ClosNoyers-PY_Brunaud-2599-500x333.jpg 500w\" sizes=\"auto, (max-width: 600px) 100vw, 600px\" \/><\/figure>\n\n\n\n<div style=\"height:25px\" aria-hidden=\"true\" class=\"wp-block-spacer\"><\/div>\n\n\n\n<figure class=\"wp-block-image aligncenter size-full\"><img decoding=\"async\" src=\"https:\/\/cobe.fr\/wp-content\/uploads\/2018\/03\/CoBe-ClosNoyers-PY_Brunaud-2626.jpg\" alt=\"CoBe - Aubervilliers Clos des Noyers\" class=\"wp-image-9561\"\/><\/figure>\n<\/div><\/div><\/div>\n\n\n\n<div class=\"wp-block-responsive-block-editor-addons-column responsive-block-editor-addons-advanced-column-child block-a8cca9dd-9452-4699-ba8d-361e3d984f4d\"><div class=\"responsive-column-wrap responsive-block-editor-addons-block-column\"><div class=\"responsive-column-inner-wrap overlay-type-color linear\">\n<figure class=\"wp-block-image size-full\"><img decoding=\"async\" src=\"https:\/\/cobe.fr\/wp-content\/uploads\/2018\/03\/CoBe-ClosNoyers-PY_Brunaud-2569.jpg\" alt=\"CoBe - Aubervilliers Clos des Noyers\" class=\"wp-image-9558\"\/><\/figure>\n<\/div><\/div><\/div>\n<\/div><\/div><\/div><\/div>\n\n\n\n<div style=\"height:40px\" aria-hidden=\"true\" class=\"wp-block-spacer\"><\/div>\n\n\n\n<div class=\"wp-block-responsive-block-editor-addons-advance-columns alignwide block-65b1ebdf-17f4-46fc-84b5-8729402ad50b responsive-block-editor-addons-advanced-column-outer-wrap wide\"><div class=\"responsive-block-editor-addons-advanced-column alignwide\"><div class=\"responsive-columns-wrap responsive-block-editor-addons-block-columns responsive-columns__gap-default responsive-columns__stack-mobile responsive-columns__content-width-theme overlay-type-color linear\"><div class=\"responsive-columns-inner-wrap responsive-columns-columns-3\">\n<div class=\"wp-block-responsive-block-editor-addons-column responsive-block-editor-addons-advanced-column-child block-fdfcb172-75b3-49ad-bf8a-ec0974484def\"><div class=\"responsive-column-wrap responsive-block-editor-addons-block-column\"><div class=\"responsive-column-inner-wrap overlay-type-color linear\"><\/div><\/div><\/div>\n\n\n\n<div class=\"wp-block-responsive-block-editor-addons-column responsive-block-editor-addons-advanced-column-child block-e2d423e2-214f-4ec9-8a67-dc8878102d94\"><div class=\"responsive-column-wrap responsive-block-editor-addons-block-column\"><div class=\"responsive-column-inner-wrap overlay-type-color linear\">\n<p>A fim de preservar a privacidade das habita\u00e7\u00f5es do r\u00e9s-do-ch\u00e3o, os espa\u00e7os tamp\u00e3o vegetais separam o espa\u00e7o do beco dos terra\u00e7os privados das habita\u00e7\u00f5es. A grande maioria dos apartamentos tem salas de estar abertas para varandas ou terra\u00e7os virados para oeste, para o beco. Estes espa\u00e7os privados s\u00e3o protegidos do vis-\u00e0-vis no r\u00e9s-do-ch\u00e3o por \u00e1reas plantadas. No piso superior, no beco, as varandas s\u00e3o delimitadas por grades de chapa perfurada que filtram as vistas, bem como por pain\u00e9is de chapa perfurada vertical.<\/p>\n<\/div><\/div><\/div>\n\n\n\n<div class=\"wp-block-responsive-block-editor-addons-column responsive-block-editor-addons-advanced-column-child block-36a69df8-65dd-4c62-90ac-dd791b014e28\"><div class=\"responsive-column-wrap responsive-block-editor-addons-block-column\"><div class=\"responsive-column-inner-wrap overlay-type-color linear\"><\/div><\/div><\/div>\n<\/div><\/div><\/div><\/div>\n\n\n\n<div style=\"height:30px\" aria-hidden=\"true\" class=\"wp-block-spacer\"><\/div>\n\n\n\n<div class=\"wp-block-responsive-block-editor-addons-advance-columns block-2712551c-2a08-4df6-8801-f4e2278d2764 responsive-block-editor-addons-advanced-column-outer-wrap undefined\"><div class=\"responsive-block-editor-addons-advanced-column alignundefined\"><div class=\"responsive-columns-wrap responsive-block-editor-addons-block-columns responsive-columns__gap-wider responsive-columns__stack-mobile responsive-columns__content-width-custom overlay-type-color linear\"><div class=\"responsive-columns-inner-wrap responsive-columns-columns-2\">\n<div class=\"wp-block-responsive-block-editor-addons-column responsive-block-editor-addons-advanced-column-child block-33725ebb-2a66-4651-b71b-f9463e3fa1df\"><div class=\"responsive-column-wrap responsive-block-editor-addons-block-column\"><div class=\"responsive-column-inner-wrap overlay-type-color linear\">\n<figure class=\"wp-block-image size-full\"><img decoding=\"async\" src=\"https:\/\/cobe.fr\/wp-content\/uploads\/2018\/03\/CoBe-ClosNoyers-PY_Brunaud-2640.jpg\" alt=\"CoBe - Aubervilliers Clos des Noyers\" class=\"wp-image-9562\"\/><\/figure>\n<\/div><\/div><\/div>\n\n\n\n<div class=\"wp-block-responsive-block-editor-addons-column responsive-block-editor-addons-advanced-column-child block-e9f73283-c28f-4c22-b63a-8006cc6b8992\"><div class=\"responsive-column-wrap responsive-block-editor-addons-block-column\"><div class=\"responsive-column-inner-wrap overlay-type-color linear\">\n<figure class=\"wp-block-image size-full\"><img decoding=\"async\" src=\"https:\/\/cobe.fr\/wp-content\/uploads\/2018\/03\/CoBe-ClosNoyers-PY_Brunaud-2486.jpg\" alt=\"CoBe - Aubervilliers Clos des Noyers\" class=\"wp-image-9565\"\/><\/figure>\n<\/div><\/div><\/div>\n<\/div><\/div><\/div><\/div>\n\n\n\n<figure class=\"wp-block-image aligncenter size-large is-resized\"><img decoding=\"async\" src=\"https:\/\/cobe.fr\/wp-content\/uploads\/2018\/03\/20190723_153304-1100-1024x512.jpg\" alt=\"CoBe - Aubervilliers Clos des Noyers\" class=\"wp-image-9564\" style=\"width:1000px\"\/><\/figure>\n\n\n\n<div style=\"height:30px\" aria-hidden=\"true\" class=\"wp-block-spacer\"><\/div>\n\n\n\n<h3 class=\"wp-block-heading has-text-align-center\">Ficha de refer\u00eancia<\/h3>\n\n\n\n<div class=\"wp-block-group is-vertical is-content-justification-center is-layout-flex wp-container-core-group-is-layout-ce155fab wp-block-group-is-layout-flex\">\n<p><strong>Cliente<\/strong><\/p>\n\n\n\n<p>Cogedim<\/p>\n\n\n\n<p class=\"translation-block\">Projetista<\/p>\n\n\n\n<p>CoBe<\/p>\n\n\n\n<p><strong>Programa<\/strong><\/p>\n\n\n\n<p class=\"has-text-align-center translation-block\">Nova constru\u00e7\u00e3o de 74 habita\u00e7\u00f5es colectivas<br> e requalifica\u00e7\u00e3o dos seus espa\u00e7os exteriores<\/p>\n\n\n\n<p><strong>Miss\u00f5es<\/strong><\/p>\n\n\n\n<p>Miss\u00e3o completa de arquitectura e espa\u00e7os exteriores<\/p>\n\n\n\n<p><strong>Superf\u00edcie<\/strong><\/p>\n\n\n\n<p>5 160 m\u00b2<\/p>\n\n\n\n<p><strong>Custo<\/strong><\/p>\n\n\n\n<p>8 MILH\u00d5ES DE EUROS HT<\/p>\n\n\n\n<p><strong>Certifica\u00e7\u00f5es<\/strong><\/p>\n\n\n\n<p>NF Logement<\/p>\n\n\n\n<p><strong>Fotos<\/strong><\/p>\n\n\n\n<p>Pierre-Yves Brunaud<\/p>\n\n\n\n<p><strong>Entregue em 2019<\/strong><\/p>\n<\/div>","protected":false},"excerpt":{"rendered":"<p>74 unidades habitacionais para compradores de primeira viagem e espa\u00e7os exteriores Informa\u00e7\u00e3o t\u00e9cnica Cliente Cogedim Gestor de projecto Programa CoBe Nova constru\u00e7\u00e3o de 74 unidades habitacionais para compradores de primeira viagem e requalifica\u00e7\u00e3o dos seus espa\u00e7os exteriores Miss\u00f5es Miss\u00e3o Arquitectura completa e espa\u00e7os exteriores Superf\u00edcie 5,160 m\u00b2 Custo 8 M EUR HT NF Certifica\u00e7\u00f5es Logement Fotos Pierre-Yves Brunaud Entregue em 2019<\/p>","protected":false},"author":1,"featured_media":0,"menu_order":0,"template":"","format":"standard","meta":{"_seopress_robots_primary_cat":"","_seopress_titles_title":"","_seopress_titles_desc":"CoBe Chantier de 71 logements \u00e0 Aubervilliers pour Cogedim","_seopress_robots_index":"","_vp_format_video_url":"","_vp_image_focal_point":{"x":1,"y":0.53},"footnotes":""},"categories":[],"class_list":["post-2333","portfolio-item","type-portfolio-item","status-publish","format-standard","hentry"],"blocksy_meta":{"styles_descriptor":{"styles":{"desktop":"","tablet":"","mobile":""},"google_fonts":[],"version":6}},"_links":{"self":[{"href":"https:\/\/cobe.fr\/pt\/wp-json\/wp\/v2\/portfolio-item\/2333","targetHints":{"allow":["GET"]}}],"collection":[{"href":"https:\/\/cobe.fr\/pt\/wp-json\/wp\/v2\/portfolio-item"}],"about":[{"href":"https:\/\/cobe.fr\/pt\/wp-json\/wp\/v2\/types\/portfolio-item"}],"author":[{"embeddable":true,"href":"https:\/\/cobe.fr\/pt\/wp-json\/wp\/v2\/users\/1"}],"version-history":[{"count":2,"href":"https:\/\/cobe.fr\/pt\/wp-json\/wp\/v2\/portfolio-item\/2333\/revisions"}],"predecessor-version":[{"id":13774,"href":"https:\/\/cobe.fr\/pt\/wp-json\/wp\/v2\/portfolio-item\/2333\/revisions\/13774"}],"wp:attachment":[{"href":"https:\/\/cobe.fr\/pt\/wp-json\/wp\/v2\/media?parent=2333"}],"wp:term":[{"taxonomy":"category","embeddable":true,"href":"https:\/\/cobe.fr\/pt\/wp-json\/wp\/v2\/categories?post=2333"}],"curies":[{"name":"wp","href":"https:\/\/api.w.org\/{rel}","templated":true}]}}