{"id":7135,"date":"2023-06-03T18:48:00","date_gmt":"2023-06-03T16:48:00","guid":{"rendered":"https:\/\/www.vie-digitale.com\/cobe\/?post_type=portfolio-item&#038;p=7135"},"modified":"2026-03-27T18:17:29","modified_gmt":"2026-03-27T17:17:29","slug":"logements-en-bois-bordeaux-33","status":"publish","type":"portfolio-item","link":"https:\/\/cobe.fr\/es\/portfolio-item\/logements-en-bois-bordeaux-33\/","title":{"rendered":"Carcasa de madera - Burdeos (33)"},"content":{"rendered":"<h2 class=\"wp-block-heading has-text-align-center has-medium-font-size\">Construcci\u00f3n de 100 viviendas de madera, ZAC St-Jean Belcier, sector Armagnac Sud<\/h2>\n\n\n\n<div style=\"height:20px\" aria-hidden=\"true\" class=\"wp-block-spacer\"><\/div>\n\n\n\n<div class=\"wp-block-responsive-block-editor-addons-advance-columns alignwide block-a6f4769e-5d73-44b7-9d3a-1ad551376a61 responsive-block-editor-addons-advanced-column-outer-wrap wide\"><div class=\"responsive-block-editor-addons-advanced-column alignwide\"><div class=\"responsive-columns-wrap responsive-block-editor-addons-block-columns responsive-columns__gap-default responsive-columns__stack-mobile responsive-columns__content-width-theme overlay-type-color linear\"><div class=\"responsive-columns-inner-wrap responsive-columns-columns-3\">\n<div class=\"wp-block-responsive-block-editor-addons-column responsive-block-editor-addons-advanced-column-child block-29c35dfc-3d8d-424a-9b00-33d5fd71a03f\"><div class=\"responsive-column-wrap responsive-block-editor-addons-block-column\"><div class=\"responsive-column-inner-wrap overlay-type-color linear\"><\/div><\/div><\/div>\n\n\n\n<div class=\"wp-block-responsive-block-editor-addons-column responsive-block-editor-addons-advanced-column-child block-682f0945-2ad4-4a3b-b394-0e53530faa71\"><div class=\"responsive-column-wrap responsive-block-editor-addons-block-column\"><div class=\"responsive-column-inner-wrap overlay-type-color linear\">\n<p><strong>Un proyecto de viviendas de madera de doce plantas.<\/strong><\/p>\n\n\n\n<p><strong>El proyecto se estructura en torno a una base que var\u00eda entre la planta baja y cuatro pisos, con patios conectados al espacio p\u00fablico circundante y coronados por cuatro \u00abemergencias\u00bb distintas. Las dos torres est\u00e1n compuestas por una estructura de madera y una malla met\u00e1lica exterior.<\/strong><\/p>\n<\/div><\/div><\/div>\n\n\n\n<div class=\"wp-block-responsive-block-editor-addons-column responsive-block-editor-addons-advanced-column-child block-8d696514-4048-4444-9a79-ddc25c963128\"><div class=\"responsive-column-wrap responsive-block-editor-addons-block-column\"><div class=\"responsive-column-inner-wrap overlay-type-color linear\"><\/div><\/div><\/div>\n<\/div><\/div><\/div><\/div>\n\n\n\n<figure class=\"wp-block-image aligncenter size-large\"><img alt=\"madera, nueva construcci\u00f3n, estructura de madera\" loading=\"lazy\" decoding=\"async\" width=\"1024\" height=\"682\" src=\"https:\/\/cobe.fr\/wp-content\/uploads\/2026\/03\/CoBe-Immeuble-en-bois-Bordeaux-N-1024x682.jpg\" class=\"wp-image-13502\" srcset=\"https:\/\/cobe.fr\/wp-content\/uploads\/2026\/03\/CoBe-Immeuble-en-bois-Bordeaux-N-1024x682.jpg 1024w, https:\/\/cobe.fr\/wp-content\/uploads\/2026\/03\/CoBe-Immeuble-en-bois-Bordeaux-N-300x200.jpg 300w, https:\/\/cobe.fr\/wp-content\/uploads\/2026\/03\/CoBe-Immeuble-en-bois-Bordeaux-N-768x512.jpg 768w, https:\/\/cobe.fr\/wp-content\/uploads\/2026\/03\/CoBe-Immeuble-en-bois-Bordeaux-N-18x12.jpg 18w, https:\/\/cobe.fr\/wp-content\/uploads\/2026\/03\/CoBe-Immeuble-en-bois-Bordeaux-N-500x333.jpg 500w, https:\/\/cobe.fr\/wp-content\/uploads\/2026\/03\/CoBe-Immeuble-en-bois-Bordeaux-N-800x533.jpg 800w, https:\/\/cobe.fr\/wp-content\/uploads\/2026\/03\/CoBe-Immeuble-en-bois-Bordeaux-N.jpg 1100w\" sizes=\"auto, (max-width: 1024px) 100vw, 1024px\" \/><\/figure>\n\n\n\n<div style=\"height:40px\" aria-hidden=\"true\" class=\"wp-block-spacer\"><\/div>\n\n\n\n<div class=\"wp-block-responsive-block-editor-addons-advance-columns block-f2c8c2c8-772a-41ea-923a-89a56031a433 responsive-block-editor-addons-advanced-column-outer-wrap undefined\"><div class=\"responsive-block-editor-addons-advanced-column alignundefined\"><div class=\"responsive-columns-wrap responsive-block-editor-addons-block-columns responsive-columns__gap-wider responsive-columns__stack-mobile responsive-columns__content-width-custom overlay-type-color linear\"><div class=\"responsive-columns-inner-wrap responsive-columns-columns-3\">\n<div class=\"wp-block-responsive-block-editor-addons-column responsive-block-editor-addons-advanced-column-child block-8b9ba98b-2a0b-45e2-a3a7-e420a91d9e43\"><div class=\"responsive-column-wrap responsive-block-editor-addons-block-column\"><div class=\"responsive-column-inner-wrap overlay-type-color linear\">\n<figure class=\"wp-block-image size-full\"><img alt=\"madera, nueva construcci\u00f3n, estructura de madera\" loading=\"lazy\" decoding=\"async\" width=\"600\" height=\"830\" src=\"https:\/\/cobe.fr\/wp-content\/uploads\/2026\/03\/CoBe-Immeuble-en-bois-Bordeaux-V.jpg\" class=\"wp-image-13505\" srcset=\"https:\/\/cobe.fr\/wp-content\/uploads\/2026\/03\/CoBe-Immeuble-en-bois-Bordeaux-V.jpg 600w, https:\/\/cobe.fr\/wp-content\/uploads\/2026\/03\/CoBe-Immeuble-en-bois-Bordeaux-V-217x300.jpg 217w, https:\/\/cobe.fr\/wp-content\/uploads\/2026\/03\/CoBe-Immeuble-en-bois-Bordeaux-V-9x12.jpg 9w, https:\/\/cobe.fr\/wp-content\/uploads\/2026\/03\/CoBe-Immeuble-en-bois-Bordeaux-V-500x692.jpg 500w\" sizes=\"auto, (max-width: 600px) 100vw, 600px\" \/><\/figure>\n<\/div><\/div><\/div>\n\n\n\n<div class=\"wp-block-responsive-block-editor-addons-column responsive-block-editor-addons-advanced-column-child block-973d3e03-1018-49f7-9308-ece6002e151d\"><div class=\"responsive-column-wrap responsive-block-editor-addons-block-column\"><div class=\"responsive-column-inner-wrap overlay-type-color linear\">\n<figure class=\"wp-block-image size-full\"><img alt=\"madera, nueva construcci\u00f3n, estructura de madera\" loading=\"lazy\" decoding=\"async\" width=\"600\" height=\"830\" src=\"https:\/\/cobe.fr\/wp-content\/uploads\/2026\/03\/CoBe-Immeuble-en-bois-Bordeaux-V2.jpg\" class=\"wp-image-13507\" srcset=\"https:\/\/cobe.fr\/wp-content\/uploads\/2026\/03\/CoBe-Immeuble-en-bois-Bordeaux-V2.jpg 600w, https:\/\/cobe.fr\/wp-content\/uploads\/2026\/03\/CoBe-Immeuble-en-bois-Bordeaux-V2-217x300.jpg 217w, https:\/\/cobe.fr\/wp-content\/uploads\/2026\/03\/CoBe-Immeuble-en-bois-Bordeaux-V2-9x12.jpg 9w, https:\/\/cobe.fr\/wp-content\/uploads\/2026\/03\/CoBe-Immeuble-en-bois-Bordeaux-V2-500x692.jpg 500w\" sizes=\"auto, (max-width: 600px) 100vw, 600px\" \/><\/figure>\n<\/div><\/div><\/div>\n\n\n\n<div class=\"wp-block-responsive-block-editor-addons-column responsive-block-editor-addons-advanced-column-child block-5d7a68c9-6a96-4ef8-9671-0280ab6d9000\"><div class=\"responsive-column-wrap responsive-block-editor-addons-block-column\"><div class=\"responsive-column-inner-wrap overlay-type-color linear\">\n<figure class=\"wp-block-image size-full\"><img alt=\"madera, nueva construcci\u00f3n, estructura de madera\" loading=\"lazy\" decoding=\"async\" width=\"600\" height=\"830\" src=\"https:\/\/cobe.fr\/wp-content\/uploads\/2026\/03\/CoBe-Immeuble-en-bois-Bordeaux-V3.jpg\" class=\"wp-image-13508\" srcset=\"https:\/\/cobe.fr\/wp-content\/uploads\/2026\/03\/CoBe-Immeuble-en-bois-Bordeaux-V3.jpg 600w, https:\/\/cobe.fr\/wp-content\/uploads\/2026\/03\/CoBe-Immeuble-en-bois-Bordeaux-V3-217x300.jpg 217w, https:\/\/cobe.fr\/wp-content\/uploads\/2026\/03\/CoBe-Immeuble-en-bois-Bordeaux-V3-9x12.jpg 9w, https:\/\/cobe.fr\/wp-content\/uploads\/2026\/03\/CoBe-Immeuble-en-bois-Bordeaux-V3-500x692.jpg 500w\" sizes=\"auto, (max-width: 600px) 100vw, 600px\" \/><\/figure>\n<\/div><\/div><\/div>\n<\/div><\/div><\/div><\/div>\n\n\n\n<div class=\"wp-block-responsive-block-editor-addons-advance-columns alignwide block-cd4a08b1-b0ec-486b-8d85-303d85a8972d responsive-block-editor-addons-advanced-column-outer-wrap wide\"><div class=\"responsive-block-editor-addons-advanced-column alignwide\"><div class=\"responsive-columns-wrap responsive-block-editor-addons-block-columns responsive-columns__gap-default responsive-columns__stack-mobile responsive-columns__content-width-theme overlay-type-color linear\"><div class=\"responsive-columns-inner-wrap responsive-columns-columns-3\">\n<div class=\"wp-block-responsive-block-editor-addons-column responsive-block-editor-addons-advanced-column-child block-b8ab12d1-bbd9-4d22-ae0f-30b57984e356\"><div class=\"responsive-column-wrap responsive-block-editor-addons-block-column\"><div class=\"responsive-column-inner-wrap overlay-type-color linear\"><\/div><\/div><\/div>\n\n\n\n<div class=\"wp-block-responsive-block-editor-addons-column responsive-block-editor-addons-advanced-column-child block-3c8bc266-62fa-4788-afa4-8e9e573d5a6f\"><div class=\"responsive-column-wrap responsive-block-editor-addons-block-column\"><div class=\"responsive-column-inner-wrap overlay-type-color linear\">\n<p>El complejo, que ha sido cuidadosamente estudiado en cuanto a las calidades de vida y los usos que se pueden dar a estos espacios vitales, ofrece una gama de viviendas multiorientadas de planificaci\u00f3n integral en las que cada ocupante se beneficia de al menos dos orientaciones, salas de estar sin vistas y generosos espacios exteriores que ofrecen m\u00faltiples vistas hacia el campo abierto y el jard\u00edn en el coraz\u00f3n del bloque.<\/p>\n<\/div><\/div><\/div>\n\n\n\n<div class=\"wp-block-responsive-block-editor-addons-column responsive-block-editor-addons-advanced-column-child block-e4b21565-bf91-48b7-8367-f72e997c4442\"><div class=\"responsive-column-wrap responsive-block-editor-addons-block-column\"><div class=\"responsive-column-inner-wrap overlay-type-color linear\"><\/div><\/div><\/div>\n<\/div><\/div><\/div><\/div>\n\n\n\n<div style=\"height:30px\" aria-hidden=\"true\" class=\"wp-block-spacer\"><\/div>\n\n\n\n<figure class=\"wp-block-image aligncenter size-large\"><img alt=\"madera, nueva construcci\u00f3n, estructura de madera\" loading=\"lazy\" decoding=\"async\" width=\"1024\" height=\"682\" src=\"https:\/\/cobe.fr\/wp-content\/uploads\/2026\/03\/CoBe-Immeuble-en-bois-Bordeaux-N3-1024x682.jpg\" class=\"wp-image-13504\" srcset=\"https:\/\/cobe.fr\/wp-content\/uploads\/2026\/03\/CoBe-Immeuble-en-bois-Bordeaux-N3-1024x682.jpg 1024w, https:\/\/cobe.fr\/wp-content\/uploads\/2026\/03\/CoBe-Immeuble-en-bois-Bordeaux-N3-300x200.jpg 300w, https:\/\/cobe.fr\/wp-content\/uploads\/2026\/03\/CoBe-Immeuble-en-bois-Bordeaux-N3-768x512.jpg 768w, https:\/\/cobe.fr\/wp-content\/uploads\/2026\/03\/CoBe-Immeuble-en-bois-Bordeaux-N3-18x12.jpg 18w, https:\/\/cobe.fr\/wp-content\/uploads\/2026\/03\/CoBe-Immeuble-en-bois-Bordeaux-N3-500x333.jpg 500w, https:\/\/cobe.fr\/wp-content\/uploads\/2026\/03\/CoBe-Immeuble-en-bois-Bordeaux-N3-800x533.jpg 800w, https:\/\/cobe.fr\/wp-content\/uploads\/2026\/03\/CoBe-Immeuble-en-bois-Bordeaux-N3.jpg 1100w\" sizes=\"auto, (max-width: 1024px) 100vw, 1024px\" \/><\/figure>\n\n\n\n<div style=\"height:30px\" aria-hidden=\"true\" class=\"wp-block-spacer\"><\/div>\n\n\n\n<div class=\"wp-block-group is-vertical is-content-justification-center is-layout-flex wp-container-core-group-is-layout-ce155fab wp-block-group-is-layout-flex\">\n<h3 class=\"wp-block-heading\">Datos t\u00e9cnicos<\/h3>\n\n\n\n<p class=\"has-text-align-center\"><strong>Certificaciones<\/strong><br>NF HQE 9 estrellas<br>Etiqueta Biosourced de nivel 3<\/p>\n\n\n\n<p class=\"has-text-align-center\"><strong>Propietario del proyecto<\/strong><br>Bouygues Immobilier<\/p>\n\n\n\n<p><strong>Gesti\u00f3n de proyectos<\/strong><br>CoBe, Let'sGrow<\/p>\n\n\n\n<p class=\"has-text-align-center\"><strong>Misi\u00f3n CoBe<\/strong><br>Gesti\u00f3n integral de proyectos arquitect\u00f3nicos<\/p>\n\n\n\n<p class=\"has-text-align-center\"><strong>Programa<\/strong><br>Viviendas colectivas y comercios 6.203 m\u00b2 de superficie neta<\/p>\n\n\n\n<p class=\"has-text-align-center\"><strong>Superficie<\/strong><br>6.553 m\u00b2 de superficie neta<\/p>\n\n\n\n<p class=\"has-text-align-center\"><strong>Coste<\/strong><br>12,4 MILLONES DE EUROS SIN IMPUESTOS<\/p>\n\n\n\n<p><strong>Entregado <\/strong>2025<\/p>\n<\/div>","protected":false},"excerpt":{"rendered":"<p>Construcci\u00f3n de 100 viviendas de madera, ZAC St-Jean Belcier, sector Armagnac Sud Detalles t\u00e9cnicos Certificaci\u00f3n NF HQE 9 estrellasCertificaci\u00f3n Bio-sourced de nivel 3 Cliente Bouygues Immobilier Jefe de proyecto CoBe, Let'sGrow Gesti\u00f3n completa del proyecto arquitect\u00f3nico de CoBe Programa Viviendas plurifamiliares y comercios 6.203 m\u00b2 de superficie neta Superficie 6.553 m\u00b2 de superficie neta Coste 12,4 millones de euros [...] [...<\/p>","protected":false},"author":2,"featured_media":13502,"menu_order":0,"template":"","format":"standard","meta":{"_seopress_robots_primary_cat":"","_seopress_titles_title":"Logements en bois - Bordeaux (33)","_seopress_titles_desc":"Construction de 100 logements en bois, ZAC St-Jean Belcier, secteur Armagnac Sud","_seopress_robots_index":"","_vp_format_video_url":"","_vp_image_focal_point":{"x":0.52,"y":0.42},"footnotes":""},"categories":[29,68,70,79,32,77,67,28],"class_list":["post-7135","portfolio-item","type-portfolio-item","status-publish","format-standard","has-post-thumbnail","hentry","category-architecture","category-architecture-design","category-habitats-architecture-design","category-habitats-moe","category-logements","category-maitrise-doeuvre-dexecution-projets-agence-cobe","category-projets-agence-cobe","category-projets"],"blocksy_meta":{"styles_descriptor":{"styles":{"desktop":"","tablet":"","mobile":""},"google_fonts":[],"version":6}},"_links":{"self":[{"href":"https:\/\/cobe.fr\/es\/wp-json\/wp\/v2\/portfolio-item\/7135","targetHints":{"allow":["GET"]}}],"collection":[{"href":"https:\/\/cobe.fr\/es\/wp-json\/wp\/v2\/portfolio-item"}],"about":[{"href":"https:\/\/cobe.fr\/es\/wp-json\/wp\/v2\/types\/portfolio-item"}],"author":[{"embeddable":true,"href":"https:\/\/cobe.fr\/es\/wp-json\/wp\/v2\/users\/2"}],"version-history":[{"count":6,"href":"https:\/\/cobe.fr\/es\/wp-json\/wp\/v2\/portfolio-item\/7135\/revisions"}],"predecessor-version":[{"id":13510,"href":"https:\/\/cobe.fr\/es\/wp-json\/wp\/v2\/portfolio-item\/7135\/revisions\/13510"}],"wp:featuredmedia":[{"embeddable":true,"href":"https:\/\/cobe.fr\/es\/wp-json\/wp\/v2\/media\/13502"}],"wp:attachment":[{"href":"https:\/\/cobe.fr\/es\/wp-json\/wp\/v2\/media?parent=7135"}],"wp:term":[{"taxonomy":"category","embeddable":true,"href":"https:\/\/cobe.fr\/es\/wp-json\/wp\/v2\/categories?post=7135"}],"curies":[{"name":"wp","href":"https:\/\/api.w.org\/{rel}","templated":true}]}}