{"id":2387,"date":"2019-03-05T19:00:28","date_gmt":"2019-03-05T18:00:28","guid":{"rendered":"http:\/\/www.cobe.fr\/?post_type=portfolio-item&#038;p=2387"},"modified":"2026-03-12T16:12:47","modified_gmt":"2026-03-12T15:12:47","slug":"paisajismo-urbano-del-hotel-plouzane-29","status":"publish","type":"portfolio-item","link":"https:\/\/cobe.fr\/es\/portfolio-item\/amenagement-espaces-publics-de-lhotel-de-ville-plouzane-29\/","title":{"rendered":"Place de l'h\u00f4tel de ville - Plouzan\u00e9 (29)"},"content":{"rendered":"<h2 class=\"wp-block-heading has-text-align-center\" style=\"font-size:clamp(14px, 0.875rem + ((1vw - 3.2px) * 0.234), 17px);\"><strong>Gesti\u00f3n de proyectos para espacios p\u00fablicos<\/strong><\/h2>\n\n\n\n<div style=\"height:20px\" aria-hidden=\"true\" class=\"wp-block-spacer\"><\/div>\n\n\n\n<div class=\"block-95151190-fdec-4191-8a5b-dd03c14943d5 responsive-block-editor-addons-advanced-column-outer-wrap wide\"><div class=\"responsive-block-editor-addons-advanced-column alignwide\"><div class=\"responsive-columns-wrap responsive-block-editor-addons-block-columns responsive-columns__gap-default responsive-columns__stack-mobile responsive-columns__content-width-theme overlay-type-color linear\"><div class=\"responsive-columns-inner-wrap responsive-columns-columns-3\">\n<div class=\"responsive-block-editor-addons-advanced-column-child block-1f3dff91-77c5-4d29-ab4d-a49e3b124435\"><div class=\"responsive-column-wrap responsive-block-editor-addons-block-column\"><div class=\"responsive-column-inner-wrap overlay-type-color linear\"><\/div><\/div><\/div>\n\n\n\n<div class=\"responsive-block-editor-addons-advanced-column-child block-25d4d9ce-c618-4af3-956e-8c89621cb9ea\"><div class=\"responsive-column-wrap responsive-block-editor-addons-block-column\"><div class=\"responsive-column-inner-wrap overlay-type-color linear\">\n<p><strong><strong>El proyecto de espacio p\u00fablico ambientar\u00e1 el nuevo ayuntamiento de Plouzan\u00e9 integrando las limitaciones de accesibilidad, uso y aparcamiento, respetando el esp\u00edritu del bocage bret\u00f3n.<\/strong><\/strong><\/p>\n<\/div><\/div><\/div>\n\n\n\n<div class=\"responsive-block-editor-addons-advanced-column-child block-99bc6788-eeee-4afb-b5e7-2374fa7800c2\"><div class=\"responsive-column-wrap responsive-block-editor-addons-block-column\"><div class=\"responsive-column-inner-wrap overlay-type-color linear\"><\/div><\/div><\/div>\n<\/div><\/div><\/div><\/div>\n\n\n\n<figure class=\"wp-block-image aligncenter size-large\"><img loading=\"lazy\" decoding=\"async\" width=\"1024\" height=\"475\" src=\"https:\/\/cobe.fr\/wp-content\/uploads\/2019\/03\/PatrickHMuller-PlouzaneCobe-06-1100-1024x475.jpg\" alt=\"CoBe - Ayuntamiento de Plouzan\u00e9 espacios p\u00fablicos\" class=\"wp-image-6917\" srcset=\"https:\/\/cobe.fr\/wp-content\/uploads\/2019\/03\/PatrickHMuller-PlouzaneCobe-06-1100-1024x475.jpg 1024w, https:\/\/cobe.fr\/wp-content\/uploads\/2019\/03\/PatrickHMuller-PlouzaneCobe-06-1100-300x139.jpg 300w, https:\/\/cobe.fr\/wp-content\/uploads\/2019\/03\/PatrickHMuller-PlouzaneCobe-06-1100-768x356.jpg 768w, https:\/\/cobe.fr\/wp-content\/uploads\/2019\/03\/PatrickHMuller-PlouzaneCobe-06-1100-18x8.jpg 18w, https:\/\/cobe.fr\/wp-content\/uploads\/2019\/03\/PatrickHMuller-PlouzaneCobe-06-1100.jpg 1100w\" sizes=\"auto, (max-width: 1024px) 100vw, 1024px\" \/><\/figure>\n\n\n\n<div style=\"height:40px\" aria-hidden=\"true\" class=\"wp-block-spacer\"><\/div>\n\n\n\n<div class=\"block-d2717ddc-1389-428c-be57-bc908e0ab804 responsive-block-editor-addons-advanced-column-outer-wrap wide\"><div class=\"responsive-block-editor-addons-advanced-column alignwide\"><div class=\"responsive-columns-wrap responsive-block-editor-addons-block-columns responsive-columns__gap-default responsive-columns__stack-mobile responsive-columns__content-width-theme overlay-type-color linear\"><div class=\"responsive-columns-inner-wrap responsive-columns-columns-3\">\n<div class=\"responsive-block-editor-addons-advanced-column-child block-1f46c4fe-9a46-473e-a81a-37a1b4293c19\"><div class=\"responsive-column-wrap responsive-block-editor-addons-block-column\"><div class=\"responsive-column-inner-wrap overlay-type-color linear\"><\/div><\/div><\/div>\n\n\n\n<div class=\"responsive-block-editor-addons-advanced-column-child block-79c3ea5d-8214-4e90-aec4-e316edbaf04b\"><div class=\"responsive-column-wrap responsive-block-editor-addons-block-column\"><div class=\"responsive-column-inner-wrap overlay-type-color linear\">\n<p>La transformaci\u00f3n del relieve crea un ligero pliegue en el terreno, que favorece la pendiente general del emplazamiento.<\/p>\n<\/div><\/div><\/div>\n\n\n\n<div class=\"responsive-block-editor-addons-advanced-column-child block-3bcab834-e3b5-4aad-8475-b1d020991fd3\"><div class=\"responsive-column-wrap responsive-block-editor-addons-block-column\"><div class=\"responsive-column-inner-wrap overlay-type-color linear\"><\/div><\/div><\/div>\n<\/div><\/div><\/div><\/div>\n\n\n\n<div style=\"height:30px\" aria-hidden=\"true\" class=\"wp-block-spacer\"><\/div>\n\n\n\n<div class=\"block-d7853222-25c1-414c-ab99-a4fa811059b9 responsive-block-editor-addons-advanced-column-outer-wrap undefined\"><div class=\"responsive-block-editor-addons-advanced-column alignundefined\"><div class=\"responsive-columns-wrap responsive-block-editor-addons-block-columns responsive-columns__gap-wider responsive-columns__stack-mobile responsive-columns__content-width-custom overlay-type-color linear\"><div class=\"responsive-columns-inner-wrap responsive-columns-columns-2\">\n<div class=\"responsive-block-editor-addons-advanced-column-child block-807ddcf9-a678-4c85-ad23-f69a1f68cf50\"><div class=\"responsive-column-wrap responsive-block-editor-addons-block-column\"><div class=\"responsive-column-inner-wrap overlay-type-color linear\">\n<figure class=\"wp-block-image aligncenter size-full\"><img loading=\"lazy\" decoding=\"async\" width=\"600\" height=\"830\" src=\"https:\/\/cobe.fr\/wp-content\/uploads\/2019\/03\/PatrickHMuller-PlouzaneCobe-09.jpg\" alt=\"CoBe - Ayuntamiento de Plouzan\u00e9 espacios p\u00fablicos\" class=\"wp-image-6924\" srcset=\"https:\/\/cobe.fr\/wp-content\/uploads\/2019\/03\/PatrickHMuller-PlouzaneCobe-09.jpg 600w, https:\/\/cobe.fr\/wp-content\/uploads\/2019\/03\/PatrickHMuller-PlouzaneCobe-09-217x300.jpg 217w, https:\/\/cobe.fr\/wp-content\/uploads\/2019\/03\/PatrickHMuller-PlouzaneCobe-09-9x12.jpg 9w\" sizes=\"auto, (max-width: 600px) 100vw, 600px\" \/><\/figure>\n<\/div><\/div><\/div>\n\n\n\n<div class=\"responsive-block-editor-addons-advanced-column-child block-7b43f121-ff9a-4720-a205-64a0952db6a2\"><div class=\"responsive-column-wrap responsive-block-editor-addons-block-column\"><div class=\"responsive-column-inner-wrap overlay-type-color linear\">\n<figure class=\"wp-block-image aligncenter size-full\"><img loading=\"lazy\" decoding=\"async\" width=\"600\" height=\"400\" src=\"https:\/\/cobe.fr\/wp-content\/uploads\/2019\/03\/PatrickHMuller-PlouzaneCobe-10.jpg\" alt=\"CoBe - Ayuntamiento de Plouzan\u00e9 espacios p\u00fablicos\" class=\"wp-image-6918\" srcset=\"https:\/\/cobe.fr\/wp-content\/uploads\/2019\/03\/PatrickHMuller-PlouzaneCobe-10.jpg 600w, https:\/\/cobe.fr\/wp-content\/uploads\/2019\/03\/PatrickHMuller-PlouzaneCobe-10-300x200.jpg 300w, https:\/\/cobe.fr\/wp-content\/uploads\/2019\/03\/PatrickHMuller-PlouzaneCobe-10-18x12.jpg 18w\" sizes=\"auto, (max-width: 600px) 100vw, 600px\" \/><\/figure>\n\n\n\n<div style=\"height:25px\" aria-hidden=\"true\" class=\"wp-block-spacer\"><\/div>\n\n\n\n<figure class=\"wp-block-image size-full\"><img loading=\"lazy\" decoding=\"async\" width=\"600\" height=\"400\" src=\"https:\/\/cobe.fr\/wp-content\/uploads\/2019\/03\/PatrickHMuller-PlouzaneCobe-12-600.jpg\" alt=\"CoBe - Ayuntamiento de Plouzan\u00e9 espacios p\u00fablicos\" class=\"wp-image-6919\" srcset=\"https:\/\/cobe.fr\/wp-content\/uploads\/2019\/03\/PatrickHMuller-PlouzaneCobe-12-600.jpg 600w, https:\/\/cobe.fr\/wp-content\/uploads\/2019\/03\/PatrickHMuller-PlouzaneCobe-12-600-300x200.jpg 300w, https:\/\/cobe.fr\/wp-content\/uploads\/2019\/03\/PatrickHMuller-PlouzaneCobe-12-600-18x12.jpg 18w\" sizes=\"auto, (max-width: 600px) 100vw, 600px\" \/><\/figure>\n<\/div><\/div><\/div>\n<\/div><\/div><\/div><\/div>\n\n\n\n<div class=\"block-ad242b1d-2041-4a39-8eaa-fe94f1d55a89 responsive-block-editor-addons-advanced-column-outer-wrap wide\"><div class=\"responsive-block-editor-addons-advanced-column alignwide\"><div class=\"responsive-columns-wrap responsive-block-editor-addons-block-columns responsive-columns__gap-default responsive-columns__stack-mobile responsive-columns__content-width-theme overlay-type-color linear\"><div class=\"responsive-columns-inner-wrap responsive-columns-columns-3\">\n<div class=\"responsive-block-editor-addons-advanced-column-child block-8342bb75-9870-435b-9c48-71658a52bdab\"><div class=\"responsive-column-wrap responsive-block-editor-addons-block-column\"><div class=\"responsive-column-inner-wrap overlay-type-color linear\"><\/div><\/div><\/div>\n\n\n\n<div class=\"responsive-block-editor-addons-advanced-column-child block-19ede33c-0c95-45ed-b4da-03f7932d8501\"><div class=\"responsive-column-wrap responsive-block-editor-addons-block-column\"><div class=\"responsive-column-inner-wrap overlay-type-color linear\">\n<p> Estos bordes plantados se hacen eco del paisaje boscoso y recuerdan a los restos de tierras de labranza con setos que salpican el municipio.<\/p>\n<\/div><\/div><\/div>\n\n\n\n<div class=\"responsive-block-editor-addons-advanced-column-child block-53d2c116-58d6-4d4e-b69e-8643ab000705\"><div class=\"responsive-column-wrap responsive-block-editor-addons-block-column\"><div class=\"responsive-column-inner-wrap overlay-type-color linear\"><\/div><\/div><\/div>\n<\/div><\/div><\/div><\/div>\n\n\n\n<div style=\"height:40px\" aria-hidden=\"true\" class=\"wp-block-spacer\"><\/div>\n\n\n\n<div class=\"block-9b3039e2-3dd3-40b7-82e4-1ad7b289aba1 responsive-block-editor-addons-advanced-column-outer-wrap undefined\"><div class=\"responsive-block-editor-addons-advanced-column alignundefined\"><div class=\"responsive-columns-wrap responsive-block-editor-addons-block-columns responsive-columns__gap-wider responsive-columns__stack-mobile responsive-columns__content-width-custom overlay-type-color linear\"><div class=\"responsive-columns-inner-wrap responsive-columns-columns-2\">\n<div class=\"responsive-block-editor-addons-advanced-column-child block-12abfc98-e306-42b7-920b-5620b0051ce4\"><div class=\"responsive-column-wrap responsive-block-editor-addons-block-column\"><div class=\"responsive-column-inner-wrap overlay-type-color linear\">\n<figure class=\"wp-block-image aligncenter size-full\"><img loading=\"lazy\" decoding=\"async\" width=\"600\" height=\"400\" src=\"https:\/\/cobe.fr\/wp-content\/uploads\/2019\/03\/PatrickHMuller-PlouzaneCobe-21.jpg\" alt=\"CoBe - Ayuntamiento de Plouzan\u00e9 espacios p\u00fablicos\" class=\"wp-image-6922\" srcset=\"https:\/\/cobe.fr\/wp-content\/uploads\/2019\/03\/PatrickHMuller-PlouzaneCobe-21.jpg 600w, https:\/\/cobe.fr\/wp-content\/uploads\/2019\/03\/PatrickHMuller-PlouzaneCobe-21-300x200.jpg 300w, https:\/\/cobe.fr\/wp-content\/uploads\/2019\/03\/PatrickHMuller-PlouzaneCobe-21-18x12.jpg 18w\" sizes=\"auto, (max-width: 600px) 100vw, 600px\" \/><\/figure>\n\n\n\n<div style=\"height:25px\" aria-hidden=\"true\" class=\"wp-block-spacer\"><\/div>\n\n\n\n<figure class=\"wp-block-image size-full\"><img loading=\"lazy\" decoding=\"async\" width=\"600\" height=\"400\" src=\"https:\/\/cobe.fr\/wp-content\/uploads\/2019\/03\/PatrickHMuller-PlouzaneCobe-13.jpg\" alt=\"CoBe - Ayuntamiento de Plouzan\u00e9 espacios p\u00fablicos\" class=\"wp-image-6920\" srcset=\"https:\/\/cobe.fr\/wp-content\/uploads\/2019\/03\/PatrickHMuller-PlouzaneCobe-13.jpg 600w, https:\/\/cobe.fr\/wp-content\/uploads\/2019\/03\/PatrickHMuller-PlouzaneCobe-13-300x200.jpg 300w, https:\/\/cobe.fr\/wp-content\/uploads\/2019\/03\/PatrickHMuller-PlouzaneCobe-13-18x12.jpg 18w\" sizes=\"auto, (max-width: 600px) 100vw, 600px\" \/><\/figure>\n<\/div><\/div><\/div>\n\n\n\n<div class=\"responsive-block-editor-addons-advanced-column-child block-14992221-3a83-4296-a1b7-c5eff73c4fdd\"><div class=\"responsive-column-wrap responsive-block-editor-addons-block-column\"><div class=\"responsive-column-inner-wrap overlay-type-color linear\">\n<figure class=\"wp-block-image aligncenter size-full\"><img loading=\"lazy\" decoding=\"async\" width=\"600\" height=\"830\" src=\"https:\/\/cobe.fr\/wp-content\/uploads\/2019\/03\/PatrickHMuller-PlouzaneCobe-09.jpg\" alt=\"CoBe - Ayuntamiento de Plouzan\u00e9 espacios p\u00fablicos\" class=\"wp-image-6924\" srcset=\"https:\/\/cobe.fr\/wp-content\/uploads\/2019\/03\/PatrickHMuller-PlouzaneCobe-09.jpg 600w, https:\/\/cobe.fr\/wp-content\/uploads\/2019\/03\/PatrickHMuller-PlouzaneCobe-09-217x300.jpg 217w, https:\/\/cobe.fr\/wp-content\/uploads\/2019\/03\/PatrickHMuller-PlouzaneCobe-09-9x12.jpg 9w\" sizes=\"auto, (max-width: 600px) 100vw, 600px\" \/><\/figure>\n<\/div><\/div><\/div>\n<\/div><\/div><\/div><\/div>\n\n\n\n<div style=\"height:40px\" aria-hidden=\"true\" class=\"wp-block-spacer\"><\/div>\n\n\n\n<div class=\"block-85c20614-a164-4625-bbfd-f1e05f32d7c2 responsive-block-editor-addons-advanced-column-outer-wrap wide\"><div class=\"responsive-block-editor-addons-advanced-column alignwide\"><div class=\"responsive-columns-wrap responsive-block-editor-addons-block-columns responsive-columns__gap-default responsive-columns__stack-mobile responsive-columns__content-width-theme overlay-type-color linear\"><div class=\"responsive-columns-inner-wrap responsive-columns-columns-3\">\n<div class=\"responsive-block-editor-addons-advanced-column-child block-87ab1c89-8556-4e36-a59b-9eda04bdf89a\"><div class=\"responsive-column-wrap responsive-block-editor-addons-block-column\"><div class=\"responsive-column-inner-wrap overlay-type-color linear\"><\/div><\/div><\/div>\n\n\n\n<div class=\"responsive-block-editor-addons-advanced-column-child block-731d7d40-8aea-4ad1-8972-0b0b7ff94369\"><div class=\"responsive-column-wrap responsive-block-editor-addons-block-column\"><div class=\"responsive-column-inner-wrap overlay-type-color linear\">\n<p>El uso de materiales locales de alta calidad sit\u00faa al nuevo ayuntamiento en el centro del emplazamiento.<\/p>\n<\/div><\/div><\/div>\n\n\n\n<div class=\"responsive-block-editor-addons-advanced-column-child block-cd94ac09-f799-42d4-a69d-27b27d5df284\"><div class=\"responsive-column-wrap responsive-block-editor-addons-block-column\"><div class=\"responsive-column-inner-wrap overlay-type-color linear\"><\/div><\/div><\/div>\n<\/div><\/div><\/div><\/div>\n\n\n\n<div style=\"height:30px\" aria-hidden=\"true\" class=\"wp-block-spacer\"><\/div>\n\n\n\n<div class=\"block-0b8f09f0-c8cf-44d0-92f8-82a291ce3afc responsive-block-editor-addons-advanced-column-outer-wrap undefined\"><div class=\"responsive-block-editor-addons-advanced-column alignundefined\"><div class=\"responsive-columns-wrap responsive-block-editor-addons-block-columns responsive-columns__gap-wider responsive-columns__stack-mobile responsive-columns__content-width-custom overlay-type-color linear\"><div class=\"responsive-columns-inner-wrap responsive-columns-columns-2\">\n<div class=\"responsive-block-editor-addons-advanced-column-child block-492c6f2d-069c-43f3-8da8-63f97963539d\"><div class=\"responsive-column-wrap responsive-block-editor-addons-block-column\"><div class=\"responsive-column-inner-wrap overlay-type-color linear\">\n<figure class=\"wp-block-image size-full\"><img loading=\"lazy\" decoding=\"async\" width=\"600\" height=\"400\" src=\"https:\/\/cobe.fr\/wp-content\/uploads\/2019\/03\/PatrickHMuller-PlouzaneCobe-07.jpg\" alt=\"CoBe - Ayuntamiento de Plouzan\u00e9 espacios p\u00fablicos\" class=\"wp-image-6923\" srcset=\"https:\/\/cobe.fr\/wp-content\/uploads\/2019\/03\/PatrickHMuller-PlouzaneCobe-07.jpg 600w, https:\/\/cobe.fr\/wp-content\/uploads\/2019\/03\/PatrickHMuller-PlouzaneCobe-07-300x200.jpg 300w, https:\/\/cobe.fr\/wp-content\/uploads\/2019\/03\/PatrickHMuller-PlouzaneCobe-07-18x12.jpg 18w\" sizes=\"auto, (max-width: 600px) 100vw, 600px\" \/><\/figure>\n<\/div><\/div><\/div>\n\n\n\n<div class=\"responsive-block-editor-addons-advanced-column-child block-293daafa-471e-4933-ac7d-44d10facbb51\"><div class=\"responsive-column-wrap responsive-block-editor-addons-block-column\"><div class=\"responsive-column-inner-wrap overlay-type-color linear\">\n<figure class=\"wp-block-image size-full\"><img loading=\"lazy\" decoding=\"async\" width=\"600\" height=\"400\" src=\"https:\/\/cobe.fr\/wp-content\/uploads\/2019\/03\/PatrickHMuller-PlouzaneCobe-14.jpg\" alt=\"CoBe - Ayuntamiento de Plouzan\u00e9 espacios p\u00fablicos\" class=\"wp-image-6921\" srcset=\"https:\/\/cobe.fr\/wp-content\/uploads\/2019\/03\/PatrickHMuller-PlouzaneCobe-14.jpg 600w, https:\/\/cobe.fr\/wp-content\/uploads\/2019\/03\/PatrickHMuller-PlouzaneCobe-14-300x200.jpg 300w, https:\/\/cobe.fr\/wp-content\/uploads\/2019\/03\/PatrickHMuller-PlouzaneCobe-14-18x12.jpg 18w\" sizes=\"auto, (max-width: 600px) 100vw, 600px\" \/><\/figure>\n<\/div><\/div><\/div>\n<\/div><\/div><\/div><\/div>\n\n\n\n<figure class=\"wp-block-image aligncenter size-large\"><img loading=\"lazy\" decoding=\"async\" width=\"1024\" height=\"682\" src=\"https:\/\/cobe.fr\/wp-content\/uploads\/2019\/03\/PatrickHMuller-PlouzaneCobe-04-1100-1024x682.jpg\" alt=\"CoBe - Ayuntamiento de Plouzan\u00e9 espacios p\u00fablicos\" class=\"wp-image-6916\" srcset=\"https:\/\/cobe.fr\/wp-content\/uploads\/2019\/03\/PatrickHMuller-PlouzaneCobe-04-1100-1024x682.jpg 1024w, https:\/\/cobe.fr\/wp-content\/uploads\/2019\/03\/PatrickHMuller-PlouzaneCobe-04-1100-300x200.jpg 300w, https:\/\/cobe.fr\/wp-content\/uploads\/2019\/03\/PatrickHMuller-PlouzaneCobe-04-1100-768x512.jpg 768w, https:\/\/cobe.fr\/wp-content\/uploads\/2019\/03\/PatrickHMuller-PlouzaneCobe-04-1100-18x12.jpg 18w, https:\/\/cobe.fr\/wp-content\/uploads\/2019\/03\/PatrickHMuller-PlouzaneCobe-04-1100.jpg 1100w\" sizes=\"auto, (max-width: 1024px) 100vw, 1024px\" \/><\/figure>\n\n\n\n<div style=\"height:30px\" aria-hidden=\"true\" class=\"wp-block-spacer\"><\/div>\n\n\n\n<div class=\"wp-block-group is-vertical is-content-justification-center is-layout-flex wp-container-core-group-is-layout-ce155fab wp-block-group-is-layout-flex\">\n<h3 class=\"wp-block-heading\">Datos t\u00e9cnicos<\/h3>\n\n\n\n<p class=\"has-text-align-center\"><strong>Propietario del proyecto<\/strong><br>Brest M\u00e9tropole, Ciudad de Plouzan\u00e9<\/p>\n\n\n\n<p class=\"has-text-align-center\"><strong>Gesti\u00f3n de proyectos<\/strong><br>CoBe (paisajista), Nomade Architectes (arquitecto)<\/p>\n\n\n\n<p class=\"has-text-align-center\"><strong>Misi\u00f3n CoBe<\/strong><br>Gesti\u00f3n integral de proyectos para espacios p\u00fablicos<\/p>\n\n\n\n<p class=\"has-text-align-center\"><strong>Programa<\/strong><br>Construcci\u00f3n del nuevo ayuntamiento de Plouzan\u00e9 y su entorno<\/p>\n\n\n\n<p class=\"has-text-align-center\"><strong>Superficie<\/strong><br>1 ha<\/p>\n\n\n\n<p class=\"has-text-align-center\"><strong>Coste<\/strong><br>2 MILLONES DE EUROS, IVA EXCLUIDO<\/p>\n\n\n\n<p class=\"has-text-align-center\"><strong>Fotograf\u00edas<\/strong><br>Patrick H. M\u00fcller<\/p>\n\n\n\n<p><strong>Entregado en 2018<\/strong><\/p>\n<\/div>\n\n\n\n<div style=\"height:30px\" aria-hidden=\"true\" class=\"wp-block-spacer\"><\/div>\n\n\n\n<p><\/p>","protected":false},"excerpt":{"rendered":"<p>Gesti\u00f3n de proyectos de espacios p\u00fablicos Informaci\u00f3n t\u00e9cnica Cliente Brest M\u00e9tropole, Ville de Plouzan\u00e9 Gesti\u00f3n de proyectos CoBe (paisajista), Nomade Architectes (arquitecto) Misi\u00f3n CoBe Misi\u00f3n completa de gesti\u00f3n de proyectos de espacios p\u00fablicos Programa Construcci\u00f3n del nuevo ayuntamiento de Plouzan\u00e9 y su entorno Superficie 1 ha Coste 2 millones de euros sin impuestos Fotograf\u00edas Patrick H. M\u00fcller [...].<\/p>","protected":false},"author":1,"featured_media":6917,"menu_order":0,"template":"","format":"standard","meta":{"_seopress_robots_primary_cat":"","_seopress_titles_title":"Place de l\u2019h\u00f4tel de ville - Plouzan\u00e9 (29)","_seopress_titles_desc":"CoBe Paysage, Mission compl\u00e8te de ma\u00eetrise d\u2019\u0153uvre des espaces ext\u00e9rieurs de l\u2019h\u00f4tel de ville de Plouzan\u00e9","_seopress_robots_index":"","_vp_format_video_url":"","_vp_image_focal_point":[],"footnotes":""},"categories":[24,25,73,26,22,67,28,72],"class_list":["post-2387","portfolio-item","type-portfolio-item","status-publish","format-standard","has-post-thumbnail","hentry","category-equipement-public","category-espace-public","category-espaces-publics","category-parc-et-jardin","category-paysage","category-projets-agence-cobe","category-projets","category-urbanisme-paysage"],"blocksy_meta":{"styles_descriptor":{"styles":{"desktop":"","tablet":"","mobile":""},"google_fonts":[],"version":6}},"_links":{"self":[{"href":"https:\/\/cobe.fr\/es\/wp-json\/wp\/v2\/portfolio-item\/2387","targetHints":{"allow":["GET"]}}],"collection":[{"href":"https:\/\/cobe.fr\/es\/wp-json\/wp\/v2\/portfolio-item"}],"about":[{"href":"https:\/\/cobe.fr\/es\/wp-json\/wp\/v2\/types\/portfolio-item"}],"author":[{"embeddable":true,"href":"https:\/\/cobe.fr\/es\/wp-json\/wp\/v2\/users\/1"}],"version-history":[{"count":2,"href":"https:\/\/cobe.fr\/es\/wp-json\/wp\/v2\/portfolio-item\/2387\/revisions"}],"predecessor-version":[{"id":13685,"href":"https:\/\/cobe.fr\/es\/wp-json\/wp\/v2\/portfolio-item\/2387\/revisions\/13685"}],"wp:featuredmedia":[{"embeddable":true,"href":"https:\/\/cobe.fr\/es\/wp-json\/wp\/v2\/media\/6917"}],"wp:attachment":[{"href":"https:\/\/cobe.fr\/es\/wp-json\/wp\/v2\/media?parent=2387"}],"wp:term":[{"taxonomy":"category","embeddable":true,"href":"https:\/\/cobe.fr\/es\/wp-json\/wp\/v2\/categories?post=2387"}],"curies":[{"name":"wp","href":"https:\/\/api.w.org\/{rel}","templated":true}]}}