{"id":1128,"date":"2019-02-23T10:18:00","date_gmt":"2019-02-23T09:18:00","guid":{"rendered":"http:\/\/www.cobe.fr\/?post_type=portfolio-item&#038;p=1128"},"modified":"2026-04-09T11:30:34","modified_gmt":"2026-04-09T09:30:34","slug":"residencia-etudiante-fontenay-bois-94","status":"publish","type":"portfolio-item","link":"https:\/\/cobe.fr\/es\/portfolio-item\/residence-etudiante-fontenay-bois-94\/","title":{"rendered":"Residencia de estudiantes - Fontenay-sous-Bois (94)"},"content":{"rendered":"<h2 class=\"wp-block-heading has-text-align-center has-medium-font-size\"><strong>Rehabilitaci\u00f3n y ampliaci\u00f3n de un edificio del siglo XX para convertirlo en residencia de estudiantes.<\/strong><\/h2>\n\n\n\n<div style=\"height:20px\" aria-hidden=\"true\" class=\"wp-block-spacer\"><\/div>\n\n\n\n<div class=\"wp-block-responsive-block-editor-addons-advance-columns alignwide block-61c41239-7d25-40df-afc5-089d91137b7b responsive-block-editor-addons-advanced-column-outer-wrap wide\"><div class=\"responsive-block-editor-addons-advanced-column alignwide\"><div class=\"responsive-columns-wrap responsive-block-editor-addons-block-columns responsive-columns__gap-default responsive-columns__stack-mobile responsive-columns__content-width-theme overlay-type-color linear\"><div class=\"responsive-columns-inner-wrap responsive-columns-columns-3\">\n<div class=\"wp-block-responsive-block-editor-addons-column responsive-block-editor-addons-advanced-column-child block-921b58ef-bbdd-4dd6-86b1-a5c990b53bb9\"><div class=\"responsive-column-wrap responsive-block-editor-addons-block-column\"><div class=\"responsive-column-inner-wrap overlay-type-color linear\"><\/div><\/div><\/div>\n\n\n\n<div class=\"wp-block-responsive-block-editor-addons-column responsive-block-editor-addons-advanced-column-child block-93c4d261-38e4-456b-96b8-8093d08738a9\"><div class=\"responsive-column-wrap responsive-block-editor-addons-block-column\"><div class=\"responsive-column-inner-wrap overlay-type-color linear\">\n<p style=\"font-size:14px\"><strong>El proyecto tiene como objetivo la reestructuraci\u00f3n, elevaci\u00f3n y ampliaci\u00f3n de una antigua mansi\u00f3n burguesa del siglo XX y su ampliaci\u00f3n de los a\u00f1os 70, as\u00ed como dos edificios de dos plantas con aproximadamente 93 viviendas para estudiantes.<\/strong><\/p>\n<\/div><\/div><\/div>\n\n\n\n<div class=\"wp-block-responsive-block-editor-addons-column responsive-block-editor-addons-advanced-column-child block-fecc2209-1398-4795-b9a7-3842a77a36a4\"><div class=\"responsive-column-wrap responsive-block-editor-addons-block-column\"><div class=\"responsive-column-inner-wrap overlay-type-color linear\"><\/div><\/div><\/div>\n<\/div><\/div><\/div><\/div>\n\n\n\n<figure class=\"wp-block-image aligncenter size-large\"><img decoding=\"async\" src=\"https:\/\/cobe.fr\/wp-content\/uploads\/2017\/06\/Fontenay-sous-Bois-1-1100-1024x732.jpg\" alt=\"CoBe - Residencia de estudiantes Fontenay-sous-Bois\" class=\"wp-image-9619\"\/><\/figure>\n\n\n\n<div style=\"height:40px\" aria-hidden=\"true\" class=\"wp-block-spacer\"><\/div>\n\n\n\n<div class=\"wp-block-responsive-block-editor-addons-advance-columns alignwide block-cc511177-5ee2-46c6-a569-ddc5459ab347 responsive-block-editor-addons-advanced-column-outer-wrap wide\"><div class=\"responsive-block-editor-addons-advanced-column alignwide\"><div class=\"responsive-columns-wrap responsive-block-editor-addons-block-columns responsive-columns__gap-default responsive-columns__stack-mobile responsive-columns__content-width-theme overlay-type-color linear\"><div class=\"responsive-columns-inner-wrap responsive-columns-columns-3\">\n<div class=\"wp-block-responsive-block-editor-addons-column responsive-block-editor-addons-advanced-column-child block-2b91d466-a837-4384-a9b9-995dc94b78ce\"><div class=\"responsive-column-wrap responsive-block-editor-addons-block-column\"><div class=\"responsive-column-inner-wrap overlay-type-color linear\"><\/div><\/div><\/div>\n\n\n\n<div class=\"wp-block-responsive-block-editor-addons-column responsive-block-editor-addons-advanced-column-child block-ea74a865-8617-4ace-b1c2-ee412dc8647d\"><div class=\"responsive-column-wrap responsive-block-editor-addons-block-column\"><div class=\"responsive-column-inner-wrap overlay-type-color linear\">\n<p style=\"font-size:14px\">La rehabilitaci\u00f3n de estos edificios en este emplazamiento, anteriormente ocupado por los servicios del consejo general, tiene como objetivo la revalorizaci\u00f3n del lugar y de su patrimonio arquitect\u00f3nico. A trav\u00e9s de este nuevo uso, el reto consiste en crear un nuevo soporte y una nueva identidad para un nuevo entorno social con todas las funciones de una comunidad.<\/p>\n<\/div><\/div><\/div>\n\n\n\n<div class=\"wp-block-responsive-block-editor-addons-column responsive-block-editor-addons-advanced-column-child block-e98caa7b-c04b-44ad-aacc-38387c64f3f4\"><div class=\"responsive-column-wrap responsive-block-editor-addons-block-column\"><div class=\"responsive-column-inner-wrap overlay-type-color linear\"><\/div><\/div><\/div>\n<\/div><\/div><\/div><\/div>\n\n\n\n<div style=\"height:30px\" aria-hidden=\"true\" class=\"wp-block-spacer\"><\/div>\n\n\n\n<div class=\"wp-block-responsive-block-editor-addons-advance-columns block-efb0b478-4e73-42ac-97c6-68d41654ba41 responsive-block-editor-addons-advanced-column-outer-wrap undefined\"><div class=\"responsive-block-editor-addons-advanced-column alignundefined\"><div class=\"responsive-columns-wrap responsive-block-editor-addons-block-columns responsive-columns__gap-wider responsive-columns__stack-mobile responsive-columns__content-width-custom overlay-type-color linear\"><div class=\"responsive-columns-inner-wrap responsive-columns-columns-2\">\n<div class=\"wp-block-responsive-block-editor-addons-column responsive-block-editor-addons-advanced-column-child block-66393ae1-7726-47ca-a55b-bdb3187fa73b\"><div class=\"responsive-column-wrap responsive-block-editor-addons-block-column\"><div class=\"responsive-column-inner-wrap overlay-type-color linear\">\n<figure class=\"wp-block-image size-full\"><img decoding=\"async\" src=\"https:\/\/cobe.fr\/wp-content\/uploads\/2017\/06\/Fontenay-sous-Bois-21.jpg\" alt=\"CoBe - Residencia de estudiantes Fontenay-sous-Bois\" class=\"wp-image-9618\"\/><\/figure>\n<\/div><\/div><\/div>\n\n\n\n<div class=\"wp-block-responsive-block-editor-addons-column responsive-block-editor-addons-advanced-column-child block-9ba1cbfd-8699-4aba-9508-622611669231\"><div class=\"responsive-column-wrap responsive-block-editor-addons-block-column\"><div class=\"responsive-column-inner-wrap overlay-type-color linear\">\n<figure class=\"wp-block-image size-full\"><img decoding=\"async\" src=\"https:\/\/cobe.fr\/wp-content\/uploads\/2017\/06\/Fontenay-sous-Bois-16.jpg\" alt=\"CoBe - Residencia de estudiantes Fontenay-sous-Bois\" class=\"wp-image-9616\"\/><\/figure>\n<\/div><\/div><\/div>\n<\/div><\/div><\/div><\/div>\n\n\n\n<div style=\"height:30px\" aria-hidden=\"true\" class=\"wp-block-spacer\"><\/div>\n\n\n\n<div class=\"wp-block-responsive-block-editor-addons-advance-columns alignwide block-7098b52e-b358-4158-b9d0-813f07fc9047 responsive-block-editor-addons-advanced-column-outer-wrap wide\"><div class=\"responsive-block-editor-addons-advanced-column alignwide\"><div class=\"responsive-columns-wrap responsive-block-editor-addons-block-columns responsive-columns__gap-default responsive-columns__stack-mobile responsive-columns__content-width-theme overlay-type-color linear\"><div class=\"responsive-columns-inner-wrap responsive-columns-columns-3\">\n<div class=\"wp-block-responsive-block-editor-addons-column responsive-block-editor-addons-advanced-column-child block-50d46e80-35c6-41ab-89a3-0978b05bbf1f\"><div class=\"responsive-column-wrap responsive-block-editor-addons-block-column\"><div class=\"responsive-column-inner-wrap overlay-type-color linear\"><\/div><\/div><\/div>\n\n\n\n<div class=\"wp-block-responsive-block-editor-addons-column responsive-block-editor-addons-advanced-column-child block-48557a58-2795-40a0-8e85-6eee82a3f890\"><div class=\"responsive-column-wrap responsive-block-editor-addons-block-column\"><div class=\"responsive-column-inner-wrap overlay-type-color linear\">\n<p>Los retos iniciales eran revalorizar el solar y los edificios existentes mediante este nuevo uso, y crear un soporte y una identidad para un nuevo entorno social con todas las funciones de una comunidad.<br>Dise\u00f1ado en armon\u00eda con su entorno y su contexto socioecon\u00f3mico, el proyecto tiene en cuenta las limitaciones y los recursos locales para reforzar la relaci\u00f3n entre los residentes y la zona. Este proyecto adquiere una dimensi\u00f3n real e implicar\u00e1 importantes retos paisaj\u00edsticos, sociales, econ\u00f3micos, ecol\u00f3gicos y tipol\u00f3gicos.<\/p>\n<\/div><\/div><\/div>\n\n\n\n<div class=\"wp-block-responsive-block-editor-addons-column responsive-block-editor-addons-advanced-column-child block-aeb103f7-feb1-498c-87c8-e46a15f65117\"><div class=\"responsive-column-wrap responsive-block-editor-addons-block-column\"><div class=\"responsive-column-inner-wrap overlay-type-color linear\"><\/div><\/div><\/div>\n<\/div><\/div><\/div><\/div>\n\n\n\n<div style=\"height:30px\" aria-hidden=\"true\" class=\"wp-block-spacer\"><\/div>\n\n\n\n<div class=\"wp-block-responsive-block-editor-addons-advance-columns block-ff1116f2-ec4c-48e9-afe1-5628e74a95ad responsive-block-editor-addons-advanced-column-outer-wrap undefined\"><div class=\"responsive-block-editor-addons-advanced-column alignundefined\"><div class=\"responsive-columns-wrap responsive-block-editor-addons-block-columns responsive-columns__gap-wider responsive-columns__stack-mobile responsive-columns__content-width-custom overlay-type-color linear\"><div class=\"responsive-columns-inner-wrap responsive-columns-columns-2\">\n<div class=\"wp-block-responsive-block-editor-addons-column responsive-block-editor-addons-advanced-column-child block-e79e02c7-efc6-4b2f-970d-303ac716ae4b\"><div class=\"responsive-column-wrap responsive-block-editor-addons-block-column\"><div class=\"responsive-column-inner-wrap overlay-type-color linear\">\n<figure class=\"wp-block-image size-full\"><img decoding=\"async\" src=\"https:\/\/cobe.fr\/wp-content\/uploads\/2017\/06\/Fontenay-sous-Bois-7.jpg\" alt=\"CoBe - Residencia de estudiantes Fontenay-sous-Bois\" class=\"wp-image-9614\"\/><\/figure>\n<\/div><\/div><\/div>\n\n\n\n<div class=\"wp-block-responsive-block-editor-addons-column responsive-block-editor-addons-advanced-column-child block-be29c266-afd9-4939-9d11-1c8e77258708\"><div class=\"responsive-column-wrap responsive-block-editor-addons-block-column\"><div class=\"responsive-column-inner-wrap overlay-type-color linear\">\n<figure class=\"wp-block-image size-full\"><img decoding=\"async\" src=\"https:\/\/cobe.fr\/wp-content\/uploads\/2017\/06\/Fontenay-sous-Bois-3.jpg\" alt=\"CoBe - Residencia de estudiantes Fontenay-sous-Bois\" class=\"wp-image-9613\"\/><\/figure>\n<\/div><\/div><\/div>\n<\/div><\/div><\/div><\/div>\n\n\n\n<div class=\"wp-block-responsive-block-editor-addons-advance-columns block-969eeb82-9aa0-4d4d-9254-a6006deaaa3e responsive-block-editor-addons-advanced-column-outer-wrap undefined\"><div class=\"responsive-block-editor-addons-advanced-column alignundefined\"><div class=\"responsive-columns-wrap responsive-block-editor-addons-block-columns responsive-columns__gap-wider responsive-columns__stack-mobile responsive-columns__content-width-custom overlay-type-color linear\"><div class=\"responsive-columns-inner-wrap responsive-columns-columns-2\">\n<div class=\"wp-block-responsive-block-editor-addons-column responsive-block-editor-addons-advanced-column-child block-a4a5b033-a67e-4a98-8046-040d15cc244f\"><div class=\"responsive-column-wrap responsive-block-editor-addons-block-column\"><div class=\"responsive-column-inner-wrap overlay-type-color linear\">\n<figure class=\"wp-block-image size-full\"><img decoding=\"async\" src=\"https:\/\/cobe.fr\/wp-content\/uploads\/2017\/06\/Fontenay-sous-Bois-11.jpg\" alt=\"CoBe - Residencia de estudiantes Fontenay-sous-Bois\" class=\"wp-image-9615\"\/><\/figure>\n<\/div><\/div><\/div>\n\n\n\n<div class=\"wp-block-responsive-block-editor-addons-column responsive-block-editor-addons-advanced-column-child block-b1adaafd-69d5-4649-a2c6-4949524048a4\"><div class=\"responsive-column-wrap responsive-block-editor-addons-block-column\"><div class=\"responsive-column-inner-wrap overlay-type-color linear\">\n<figure class=\"wp-block-image size-large\"><img decoding=\"async\" src=\"https:\/\/cobe.fr\/wp-content\/uploads\/2017\/06\/Fontenay-sous-Bois-19-740x1024.jpg\" alt=\"CoBe - Residencia de estudiantes Fontenay-sous-Bois\" class=\"wp-image-9617\"\/><\/figure>\n<\/div><\/div><\/div>\n<\/div><\/div><\/div><\/div>\n\n\n\n<h3 class=\"wp-block-heading has-text-align-center\">Datos t\u00e9cnicos<\/h3>\n\n\n\n<div class=\"wp-block-group is-vertical is-content-justification-center is-layout-flex wp-container-core-group-is-layout-ce155fab wp-block-group-is-layout-flex\">\n<p class=\"has-text-align-center\"><strong>Propietario del proyecto<\/strong><br>RATP H\u00e1bitat<\/p>\n\n\n\n<p class=\"has-text-align-center\"><strong>Gesti\u00f3n de proyectos<\/strong><br>CoBe<\/p>\n\n\n\n<p class=\"has-text-align-center\"><strong>Programa<\/strong><br>Residencia estudiantil con 93 alojamientos. <br>Reestructuraci\u00f3n, ampliaci\u00f3n y elevaci\u00f3n <br>de las antiguas instalaciones del Consejo General.<\/p>\n\n\n\n<p class=\"has-text-align-center\"><strong>Misiones<\/strong><br>Gesti\u00f3n integral de proyectos arquitect\u00f3nicos<\/p>\n\n\n\n<p class=\"has-text-align-center\"><strong>Coste<\/strong><br>4,8 M SIN IVA<\/p>\n\n\n\n<p class=\"has-text-align-center\"><strong>Fotos<\/strong><br>C\u00e9dric Colin<\/p>\n\n\n\n<p><strong>Entregado en 2022<\/strong><\/p>\n<\/div>","protected":false},"excerpt":{"rendered":"<p>Rehabilitaci\u00f3n y ampliaci\u00f3n de un edificio del siglo XX para convertirlo en residencia de estudiantes Informaci\u00f3n t\u00e9cnica Cliente RATP Habitat Jefe de proyecto CoBe Programa Residencia de estudiantes de 93 unidades. Reestructuraci\u00f3n, ampliaci\u00f3n y elevaci\u00f3n de los antiguos locales del Consejo General. Servicios Gesti\u00f3n completa del proyecto arquitect\u00f3nico Coste 4,8 millones de euros sin IVA Fotos C\u00e9dric Colin Entrega prevista en 2022<\/p>","protected":false},"author":1,"featured_media":0,"menu_order":0,"template":"","format":"standard","meta":{"_seopress_robots_primary_cat":"","_seopress_titles_title":"R\u00e9sidence \u00e9tudiante - Fontenay-sous-Bois (94)","_seopress_titles_desc":"R\u00e9habilitation et extension d'une b\u00e2tisse XX\u1d49 en r\u00e9sidence \u00e9tudiante","_seopress_robots_index":"","_vp_format_video_url":"","_vp_image_focal_point":[],"footnotes":""},"categories":[],"class_list":["post-1128","portfolio-item","type-portfolio-item","status-publish","format-standard","hentry"],"blocksy_meta":{"styles_descriptor":{"styles":{"desktop":"","tablet":"","mobile":""},"google_fonts":[],"version":6}},"_links":{"self":[{"href":"https:\/\/cobe.fr\/es\/wp-json\/wp\/v2\/portfolio-item\/1128","targetHints":{"allow":["GET"]}}],"collection":[{"href":"https:\/\/cobe.fr\/es\/wp-json\/wp\/v2\/portfolio-item"}],"about":[{"href":"https:\/\/cobe.fr\/es\/wp-json\/wp\/v2\/types\/portfolio-item"}],"author":[{"embeddable":true,"href":"https:\/\/cobe.fr\/es\/wp-json\/wp\/v2\/users\/1"}],"version-history":[{"count":2,"href":"https:\/\/cobe.fr\/es\/wp-json\/wp\/v2\/portfolio-item\/1128\/revisions"}],"predecessor-version":[{"id":13658,"href":"https:\/\/cobe.fr\/es\/wp-json\/wp\/v2\/portfolio-item\/1128\/revisions\/13658"}],"wp:attachment":[{"href":"https:\/\/cobe.fr\/es\/wp-json\/wp\/v2\/media?parent=1128"}],"wp:term":[{"taxonomy":"category","embeddable":true,"href":"https:\/\/cobe.fr\/es\/wp-json\/wp\/v2\/categories?post=1128"}],"curies":[{"name":"wp","href":"https:\/\/api.w.org\/{rel}","templated":true}]}}